{"id":964,"date":"2022-12-15T17:22:02","date_gmt":"2022-12-15T17:22:02","guid":{"rendered":"https:\/\/lawandmanagement.pt\/partnerships\/"},"modified":"2023-01-31T10:50:03","modified_gmt":"2023-01-31T10:50:03","slug":"partnerships","status":"publish","type":"page","link":"https:\/\/lawandmanagement.pt\/pt-pt\/partnerships\/","title":{"rendered":"PARCERIAS"},"content":{"rendered":"<div class=\"wpb-content-wrapper\">[vc_row][vc_column][vc_column_text]\n<h1 style=\"font-size: 46px; font-weight: bold;\">Parcerias Estrat\u00e9gicas<\/h1>\n[\/vc_column_text][vc_column_text css=&#8221;.vc_custom_1672938721858{padding-bottom: 40px !important;}&#8221;]\n<div style=\"font-size: 20px;\">\n<p>O Master in Law &amp; Management oferece uma forma\u00e7\u00e3o cient\u00edfica de topo e uma inigual\u00e1vel liga\u00e7\u00e3o \u00e0 pr\u00e1tica profissional, gra\u00e7as a parcerias estabelecidas com a FLAD e tamb\u00e9m com sociedades de advogados e empresas de primeira linha.<\/p>\n<p>As institui\u00e7\u00f5es parceiras deste Mestrado colaboram com a Coordena\u00e7\u00e3o na formula\u00e7\u00e3o e constante desenvolvimento dos casos que s\u00e3o trabalhados transversalmente em todas as cadeiras do programa, tanto de Direito como de Gest\u00e3o.<\/p>\n<p>Para al\u00e9m disso, Advogados e Gestores destas institui\u00e7\u00f5es participam como convidados em aulas lecionadas pelos\u00a0<span style=\"color: #000000;\"><a class=\"link-a\" href=\"https:\/\/lawandmanagement.pt\/pt-pt\/faculty\/\" target=\"_blank\" rel=\"noopener noreferrer\"><strong>Professores <\/strong><\/a><\/span>da FDUL e do ISEG a fim de partilhar a sua experi\u00eancia e vis\u00e3o pr\u00e1tica dos problemas discutidos.<\/p>\n<p>Algumas destas institui\u00e7\u00f5es oferecem ainda\u00a0<span style=\"color: red;\"><a class=\"link-a\" href=\"https:\/\/lawandmanagement.pt\/pt-pt\/awards\/\" target=\"_blank\" rel=\"noopener noreferrer\"><strong>pr\u00e9mios <\/strong><\/a><\/span>aos melhores alunos de cada ano.<\/p>\n<\/div>\n[\/vc_column_text][\/vc_column][\/vc_row][vc_row][vc_column width=&#8221;1\/4&#8243;][vc_single_image image=&#8221;108&#8243; img_size=&#8221;120&#215;47.8&#8243; onclick=&#8221;custom_link&#8221; link=&#8221;https:\/\/www.flad.pt\/en\/&#8221;][\/vc_column][vc_column width=&#8221;3\/4&#8243;][vc_column_text el_id=&#8221;title&#8221;]FLAD[\/vc_column_text][vc_column_text el_id=&#8221;description&#8221;]\n<div class=\"name \">\n<p>A FLAD atua como uma ponte entre Portugal e os Estados Unidos da Am\u00e9rica, criando oportunidades de desenvolvimento para os portugueses e para Portugal atrav\u00e9s da rela\u00e7\u00e3o com os Estados Unidos.<\/p>\n<p>Com foco em quatro grandes \u00e1reas \u2013 Ci\u00eancia e Tecnologia, Educa\u00e7\u00e3o, Arte e Cultura e Rela\u00e7\u00f5es Transatl\u00e2nticas \u2013, a FLAD quer abrir caminho ao potencial cient\u00edfico, acad\u00e9mico e art\u00edstico portugu\u00eas, fortalecer as comunidades luso-americanas e aproximar pessoas e institui\u00e7\u00f5es entre os dois lados do Atl\u00e2ntico.<\/p>\n<p>Para al\u00e9m da FLAD est\u00e3o a ser desenvolvidas parcerias com sociedades de advogados e empresas de primeira linha. Os parceiros colaboram com a coordena\u00e7\u00e3o do mestrado na formula\u00e7\u00e3o dos casos que s\u00e3o trabalhados nas aulas, no desenvolvimento de eventos espec\u00edficos e na promo\u00e7\u00e3o de sa\u00eddas profissionais.<\/p>\n<\/div>\n[\/vc_column_text][vc_btn title=&#8221;VER PR\u00c9MIO FLAD&#8221; style=&#8221;outline&#8221; shape=&#8221;square&#8221; color=&#8221;orange&#8221; align=&#8221;left&#8221; link=&#8221;url:https%3A%2F%2Flawandmanagement.pt%2Fen%2Fawards|target:_blank&#8221; el_id=&#8221;button&#8221;][vc_separator color=&#8221;black&#8221;][\/vc_column][\/vc_row][vc_row][vc_column width=&#8221;1\/4&#8243;][vc_single_image image=&#8221;111&#8243; img_size=&#8221;120&#215;47.8&#8243; onclick=&#8221;custom_link&#8221; link=&#8221;https:\/\/www.galp.com\/corp\/en\/&#8221;][\/vc_column][vc_column width=&#8221;3\/4&#8243;][vc_column_text el_id=&#8221;title&#8221;]Galp Energia[\/vc_column_text][vc_column_text el_id=&#8221;description&#8221;]\n<div class=\"name \">\n<div class=\"name \">A Galp \u00e9 uma empresa de energia empenhada no desenvolvimento de solu\u00e7\u00f5es eficientes e sustent\u00e1veis nas suas opera\u00e7\u00f5es e nos servi\u00e7os integrados que oferece aos seus clientes. Criamos solu\u00e7\u00f5es simples, flex\u00edveis e competitivas para as necessidades energ\u00e9ticas ou de mobilidade tanto das grandes ind\u00fastrias e das pequenas e m\u00e9dias empresas, como dos consumidores individuais. A nossa oferta inclui m\u00faltiplas formas de energia \u2013 desde a eletricidade produzida a partir de fontes renov\u00e1veis at\u00e9 ao g\u00e1s natural e combust\u00edveis l\u00edquidos. Como produtores, extra\u00edmos petr\u00f3leo e g\u00e1s natural de quil\u00f3metros abaixo da superf\u00edcie do mar e somos um dos principais produtores ib\u00e9ricos de energia solar. Contribu\u00edmos para o desenvolvimento econ\u00f3mico dos 11 pa\u00edses em que operamos e para o progresso social das comunidades que nos acolhem. Somos, portanto, l\u00edderes no nosso sector nos principais \u00edndices globais de sustentabilidade.<\/div>\n<\/div>\n[\/vc_column_text][vc_btn title=&#8221;VER PR\u00c9MIO GALP&#8221; style=&#8221;outline&#8221; shape=&#8221;square&#8221; color=&#8221;orange&#8221; align=&#8221;left&#8221; link=&#8221;url:https%3A%2F%2Flawandmanagement.pt%2Fen%2Fawards|target:_blank&#8221; el_id=&#8221;button&#8221;][vc_separator color=&#8221;black&#8221;][\/vc_column][\/vc_row][vc_row][vc_column width=&#8221;1\/4&#8243;][vc_single_image image=&#8221;109&#8243; img_size=&#8221;120&#215;25.81&#8243; onclick=&#8221;custom_link&#8221; link=&#8221;https:\/\/www.csassociados.pt\/en\/&#8221;][\/vc_column][vc_column width=&#8221;3\/4&#8243;][vc_column_text el_id=&#8221;title&#8221;]CS\u2019Associados[\/vc_column_text][vc_column_text el_id=&#8221;description&#8221;]\n<div class=\"name \">\n<div class=\"name \">\n<p>Constitu\u00edda em finais de 2009, com a integra\u00e7\u00e3o de equipas de reconhecida experi\u00eancia procedentes de duas das maiores sociedades de advogados da Pen\u00ednsula Ib\u00e9rica, a\u00a0CS\u2019Associados\u00a0elegeu como uma das suas prioridades o estabelecimento de uma rela\u00e7\u00e3o profissional de proximidade com os seus Clientes, consubstanciada tamb\u00e9m na qualidade dos servi\u00e7os jur\u00eddicos prestados, nomeadamente atrav\u00e9s do envolvimento direto e permanente dos seus s\u00f3cios em todo o processo de aconselhamento jur\u00eddico.<\/p>\n<p>Na constitui\u00e7\u00e3o da\u00a0CS\u2019Associados\u00a0foram definidos diversos princ\u00edpios orientadores do exerc\u00edcio, em pr\u00e1tica societ\u00e1ria, da atividade profissional dos seus advogados, e, muito em particular, na respetiva rela\u00e7\u00e3o com os Clientes da Sociedade, dos quais se destacam o rigor na aprecia\u00e7\u00e3o de situa\u00e7\u00f5es de conflito de interesses, o r\u00e1cio entre associados e s\u00f3cios n\u00e3o superior a 3 para 1 e a homogeneidade na qualidade do aconselhamento jur\u00eddico prestado aos Clientes pelos s\u00f3cios e associados da Sociedade.<\/p>\n<p>&#8220;\u00c9 com muito prazer que a\u00a0CS\u2019Associados\u00a0se associa a este projeto que alia o Direito e a Gest\u00e3o. Acreditamos que o Master in Law &amp; Management da FDUL e do ISEG desempenhar\u00e1 um papel muito importante na forma\u00e7\u00e3o e prepara\u00e7\u00e3o de advogados para dar resposta aos desafios do mercado.&#8221;<\/p>\n<\/div>\n<\/div>\n[\/vc_column_text][vc_separator color=&#8221;black&#8221;][\/vc_column][\/vc_row][vc_row][vc_column width=&#8221;1\/4&#8243;][vc_single_image image=&#8221;110&#8243; img_size=&#8221;120&#215;36.66&#8243; onclick=&#8221;custom_link&#8221; link=&#8221;https:\/\/www.cuatrecasas.com\/en\/portugal\/&#8221;][\/vc_column][vc_column width=&#8221;3\/4&#8243;][vc_column_text el_id=&#8221;title&#8221;]Cuatrecasas[\/vc_column_text][vc_column_text el_id=&#8221;description&#8221;]\n<div class=\"name \">\n<div class=\"name \">\n<p>A Cuatrecasas \u00e9 uma sociedade de advogados l\u00edder na Pen\u00ednsula Ib\u00e9rica e com marcada implanta\u00e7\u00e3o na Am\u00e9rica Latina e \u00c1frica Lus\u00f3fona e que cobre todas as \u00e1reas do direito empresarial. A Cuatrecasas conta com 27 escrit\u00f3rios instalados em 13 pa\u00edses na Europa, Am\u00e9rica, \u00c1sia e \u00c1frica e com uma equipa de mais de 1000 advogados especializados em todas as \u00e1reas do direito, aplicando conhecimento jur\u00eddico e experi\u00eancia a partir de uma vis\u00e3o sectorial e focada em cada tipo de neg\u00f3cio. Ano ap\u00f3s ano, tanto a sociedade como os seus profissionais recebem distin\u00e7\u00f5es nacionais e internacionais de prest\u00edgio, que confirmam a reputa\u00e7\u00e3o e a qualidade t\u00e9cnica da equipa, bem como a capacidade para oferecer o melhor servi\u00e7o aos clientes.<\/p>\n<p>Desde 2008, a Cuatrecasas \u00e9 reconhecida como uma das 50 sociedades mais inovadoras da Europa nos rankings Financial Times &#8211; Innovative Lawyers, tendo ganho em 2018 e 2019, para al\u00e9m de outros, o pr\u00e9mio de \u201cSociedade de advogados mais inovadora da Europa continental\u201d. Em 2020, foi distinguida pela The Lawyer com o pr\u00e9mio \u201cLaw Firm of the Year: Iberia\u201d.<\/p>\n<p>V\u00e1rios dos advogados da Cuatrecasas lecionam em \u00e1reas da sua especializa\u00e7\u00e3o nas mais prestigiadas universidades portuguesas, nomeadamente na Faculdade de Direito da Universidade de Lisboa (FDUL). A liga\u00e7\u00e3o da Cuatrecasas \u00e0 FDUL tem sido longa e frut\u00edfera: o Professor Andr\u00e9 Gon\u00e7alves Pereira, um dos fundadores da sociedade que \u00e9 hoje a Cuatrecasas, licenciou-se e doutorou-se nesta institui\u00e7\u00e3o, foi professor catedr\u00e1tico de Direito Internacional P\u00fablico, autor de obras que ainda hoje s\u00e3o aqui estudadas; al\u00e9m disso, contam-se numerosos alumni da FDUL entre os associados e s\u00f3cios que j\u00e1 exerceram ou hoje exercem advocacia na Cuatrecasas.<\/p>\n<p>\u201cO inovador Master in Law &amp; Management vai ao encontro de uma cada vez maior interdisciplinaridade e forma\u00e7\u00e3o cient\u00edfica de excel\u00eancia que a Cuatrecasas preconiza para os seus advogados. Foi, pois, com naturalidade com que nos associ\u00e1mos \u00e0 FDUL e ao ISEG enquanto duas institui\u00e7\u00f5es de ensino superior de refer\u00eancia, tendo em conta o pressuposto de que o talento \u00e9 o maior ativo de uma sociedade de advogados.\u201d<\/p>\n<\/div>\n<\/div>\n[\/vc_column_text][vc_separator color=&#8221;black&#8221;][\/vc_column][\/vc_row][vc_row][vc_column width=&#8221;1\/4&#8243;][vc_single_image image=&#8221;112&#8243; img_size=&#8221;120&#215;70.75&#8243; onclick=&#8221;custom_link&#8221; link=&#8221;https:\/\/www.mlgts.pt\/en\/&#8221;][\/vc_column][vc_column width=&#8221;3\/4&#8243;][vc_column_text el_id=&#8221;title&#8221;]Morais Leit\u00e3o, Galv\u00e3o Teles, Soares da Silva &amp; Associados[\/vc_column_text][vc_column_text el_id=&#8221;description&#8221;]\n<div class=\"name \">\n<div class=\"name \">\n<p>A Morais Leit\u00e3o encontra-se numa posi\u00e7\u00e3o privilegiada, com d\u00e9cadas de experi\u00eancia, sendo uma refer\u00eancia nacional e internacional nas mais diversas \u00e1reas e setores.<\/p>\n<p>Somos reconhecidos pelos nossos pares e clientes por apresentarmos servi\u00e7os jur\u00eddicos caracterizados pelo irrepreens\u00edvel rigor t\u00e9cnico mas tamb\u00e9m pela criatividade, com abordagens frequentemente inovadoras que desafiam os entendimentos convencionais.<\/p>\n<p>Na Morais Leit\u00e3o, trabalhamos com os mais diversos clientes nacionais e estrangeiros, em v\u00e1rias geografias, defendendo seus os interesses no \u00e2mbito de uma cultura de escrupulosa \u00e9tica e de cuidado permanente.<\/p>\n<p>Na Morais Leit\u00e3o, orgulhamo-nos de ser uma institui\u00e7\u00e3o que transcende cada membro individual, assentando em valores como o respeito por cada um e a promo\u00e7\u00e3o do talento.<\/p>\n<p>A cultura de responsabilidade institucional e social reflete-se nos servi\u00e7os que prestamos, na nossa rela\u00e7\u00e3o com os clientes e com os fornecedores e tamb\u00e9m no ambiente de trabalho, enquanto empresa certificada como familiarmente respons\u00e1vel.<\/p>\n<p>Desde 2001 que somos o membro exclusivo em Portugal para a Lex Mundi, a principal associa\u00e7\u00e3o mundial de sociedades de advogados independentes e l\u00edderes nas respetivas jurisdi\u00e7\u00f5es.<\/p>\n<p>&#8220;A Morais Leit\u00e3o associou-se com entusiasmo ao Master in Law and Management, um inovador programa conjunto criado pela Faculdade de Direito da Universidade de Lisboa e pelo ISEG \u2013 Lisbon School of Economics &amp; Management. Para a Morais Leit\u00e3o, este projeto desenvolve compet\u00eancias fundamentais para o advogado do futuro.&#8221;<\/p>\n<\/div>\n<\/div>\n[\/vc_column_text][vc_separator color=&#8221;black&#8221;][\/vc_column][\/vc_row][vc_row][vc_column width=&#8221;1\/4&#8243;][vc_single_image image=&#8221;113&#8243; img_size=&#8221;120&#215;25.81&#8243; onclick=&#8221;custom_link&#8221; link=&#8221;https:\/\/www.uria.com\/pt\/#noticias&#8221;][\/vc_column][vc_column width=&#8221;3\/4&#8243;][vc_column_text el_id=&#8221;title&#8221;]Ur\u00eda Men\u00e9ndez \u2013 Proen\u00e7a de Carvalho[\/vc_column_text][vc_column_text el_id=&#8221;description&#8221;]\n<div class=\"name \">\n<div class=\"name \">\n<p>Fundada nos anos 40, a Ur\u00eda Men\u00e9ndez tornou-se, desde ent\u00e3o, numa das mais prestigiadas sociedades de advogados internacionais. A nossa capacidade de inova\u00e7\u00e3o, a nossa an\u00e1lise profunda da lei e o nosso respeito inabal\u00e1vel pela \u00e9tica deontol\u00f3gica fizeram da Ur\u00eda Men\u00e9ndez uma das firmas l\u00edderes nos mercados ib\u00e9ricos e latino-americanos.<\/p>\n<p>Temos praticamente 600 advogados a trabalhar em 12 escrit\u00f3rios diferentes localizados nos centros financeiros mais importantes da Europa, das Am\u00e9ricas e da \u00c1sia. Fazemos tamb\u00e9m parte do primeiro grande escrit\u00f3rio ibero-americano de sempre, Philippi, Prietocarrizosa, Ferrero DU &amp; Ur\u00eda.<\/p>\n<p>A Ur\u00eda Men\u00e9ndez apoia os seus clientes em todo o mundo atrav\u00e9s dos seus estreitos la\u00e7os com prestigiadas firmas locais. Para al\u00e9m disso, atrav\u00e9s da nossa rede de melhores amigos na Europa, somos capazes de formar equipa com empresas l\u00edderes da Alemanha (Hengeler Mueller), Fran\u00e7a (Bredin Prat), Alemanha (Hengeler Mueller), It\u00e1lia (BonelliErede), Holanda (De Brauw Blackstone Westbroek) e Reino Unido (Slaughter e May). A Ur\u00eda Men\u00e9ndez \u00e9 tamb\u00e9m membro de redes internacionais de renome, tal como a Lex Mundi.<\/p>\n<p>&#8220;\u00c9 com grande entusiasmo que vemos esta iniciativa, que junta duas institui\u00e7\u00f5es de refer\u00eancia na cria\u00e7\u00e3o de um produto cada vez mais necess\u00e1rio e essencial na forma\u00e7\u00e3o dos nossos juristas.&#8221;<\/p>\n<\/div>\n<\/div>\n[\/vc_column_text][\/vc_column][\/vc_row][vc_row][vc_column width=&#8221;1\/4&#8243;][vc_single_image image=&#8221;114&#8243; img_size=&#8221;120&#215;45.89&#8243; onclick=&#8221;custom_link&#8221; link=&#8221;https:\/\/www.vda.pt\/en\/&#8221; css=&#8221;.vc_custom_1671729046420{margin-top: 60px !important;}&#8221;][\/vc_column][vc_column width=&#8221;3\/4&#8243;][vc_separator color=&#8221;black&#8221;][vc_column_text el_id=&#8221;title&#8221;]Vieira de Almeida &amp; Associados[\/vc_column_text][vc_column_text el_id=&#8221;description&#8221;]\n<div class=\"name \">\n<p>A Vieira de Almeida (VdA) \u00e9 uma sociedade de advogados internacional l\u00edder com mais de 40 anos de hist\u00f3ria, reconhecida pelo seu impressionante historial e abordagem inovadora em servi\u00e7os jur\u00eddicos empresariais. A excel\u00eancia dos seus servi\u00e7os jur\u00eddicos altamente especializados, cobrindo v\u00e1rias ind\u00fastrias e \u00e1reas de pr\u00e1tica, permite \u00e0 VdA superar os desafios cada vez mais complexos enfrentados pelos seus clientes.<\/p>\n<p>A VdA oferece solu\u00e7\u00f5es robustas baseadas em padr\u00f5es consistentes de excel\u00eancia, \u00e9tica e profissionalismo. O reconhecimento da excel\u00eancia do nosso trabalho \u00e9 partilhado por toda a equipa, bem como com clientes e stakeholders, e \u00e9 reconhecida pelas principais associa\u00e7\u00f5es profissionais, publica\u00e7\u00f5es jur\u00eddicas e entidades acad\u00e9micas.<\/p>\n<p>A VdA tem sido consistentemente reconhecida pelos seus servi\u00e7os not\u00e1veis e inovadores, tendo recebido os mais prestigiados elogios e pr\u00e9mios internacionais da ind\u00fastria jur\u00eddica.<\/p>\n<p>Atrav\u00e9s da rede VdA Legal Partners, os clientes t\u00eam acesso a 7 jurisdi\u00e7\u00f5es, com uma ampla cobertura sectorial em todos os pa\u00edses de l\u00edngua portuguesa, bem como em Timor-Leste.<\/p>\n<p>Presen\u00e7a internacional da VdA Legal Partners: Angola, Cabo Verde, Guin\u00e9 Equatorial, Mo\u00e7ambique, Portugal, S\u00e3o Tom\u00e9 e Pr\u00edncipe, Timor-Leste.<\/p>\n<\/div>\n[\/vc_column_text][\/vc_column][\/vc_row][vc_row][vc_column width=&#8221;1\/2&#8243;][vc_btn title=&#8221;VER PR\u00c9MIOS&#8221; style=&#8221;outline&#8221; shape=&#8221;square&#8221; color=&#8221;danger&#8221; align=&#8221;left&#8221; link=&#8221;url:https%3A%2F%2Flawandmanagement.pt%2Fpt-pt%2Fpremios%2F|title:PR%C3%89MIOS&#8221;][\/vc_column][vc_column width=&#8221;1\/2&#8243;][vc_btn title=&#8221;CANDIDATURAS&#8221; style=&#8221;outline&#8221; shape=&#8221;square&#8221; color=&#8221;danger&#8221; align=&#8221;left&#8221; link=&#8221;url:https%3A%2F%2Flawandmanagement.pt%2Fpt-pt%2Fapplications%2F|title:CANDIDATURAS&#8221;][\/vc_column][\/vc_row]\n<\/div>","protected":false},"excerpt":{"rendered":"<p>[vc_row][vc_column][vc_column_text] Parcerias Estrat\u00e9gicas [\/vc_column_text][vc_column_text css=&#8221;.vc_custom_1672938721858{padding-bottom: 40px !important;}&#8221;] O Master in Law &amp; Management oferece uma forma\u00e7\u00e3o cient\u00edfica de topo e uma inigual\u00e1vel liga\u00e7\u00e3o \u00e0 pr\u00e1tica profissional, gra\u00e7as a parcerias estabelecidas com a FLAD e tamb\u00e9m com sociedades de advogados e empresas de primeira linha. As institui\u00e7\u00f5es parceiras deste Mestrado colaboram com a Coordena\u00e7\u00e3o na formula\u00e7\u00e3o e constante desenvolvimento dos casos &#8230; <a href=\"https:\/\/lawandmanagement.pt\/pt-pt\/partnerships\/\" class=\"more-link\">Read More<\/a><\/p>\n","protected":false},"author":2,"featured_media":0,"parent":0,"menu_order":0,"comment_status":"closed","ping_status":"closed","template":"template-blank-4.php","meta":{"footnotes":""},"class_list":["post-964","page","type-page","status-publish","hentry","no-post-thumbnail"],"yoast_head":"<!-- This site is optimized with the Yoast SEO plugin v26.6 - https:\/\/yoast.com\/wordpress\/plugins\/seo\/ -->\n<title>PARCERIAS - Master in Law &amp; Management<\/title>\n<meta name=\"robots\" content=\"index, follow, max-snippet:-1, max-image-preview:large, max-video-preview:-1\" \/>\n<link rel=\"canonical\" href=\"https:\/\/lawandmanagement.pt\/pt-pt\/partnerships\/\" \/>\n<meta property=\"og:locale\" content=\"pt_PT\" \/>\n<meta property=\"og:type\" content=\"article\" \/>\n<meta property=\"og:title\" content=\"PARCERIAS - Master in Law &amp; Management\" \/>\n<meta property=\"og:description\" content=\"[vc_row][vc_column][vc_column_text] Parcerias Estrat\u00e9gicas [\/vc_column_text][vc_column_text css=&#8221;.vc_custom_1672938721858{padding-bottom: 40px !important;}&#8221;] O Master in Law &amp; Management oferece uma forma\u00e7\u00e3o cient\u00edfica de topo e uma inigual\u00e1vel liga\u00e7\u00e3o \u00e0 pr\u00e1tica profissional, gra\u00e7as a parcerias estabelecidas com a FLAD e tamb\u00e9m com sociedades de advogados e empresas de primeira linha. As institui\u00e7\u00f5es parceiras deste Mestrado colaboram com a Coordena\u00e7\u00e3o na formula\u00e7\u00e3o e constante desenvolvimento dos casos ... Read More\" \/>\n<meta property=\"og:url\" content=\"https:\/\/lawandmanagement.pt\/pt-pt\/partnerships\/\" \/>\n<meta property=\"og:site_name\" content=\"Master in Law &amp; Management\" \/>\n<meta property=\"article:modified_time\" content=\"2023-01-31T10:50:03+00:00\" \/>\n<meta name=\"twitter:card\" content=\"summary_large_image\" \/>\n<meta name=\"twitter:label1\" content=\"Tempo estimado de leitura\" \/>\n\t<meta name=\"twitter:data1\" content=\"8 minutos\" \/>\n<script type=\"application\/ld+json\" class=\"yoast-schema-graph\">{\"@context\":\"https:\/\/schema.org\",\"@graph\":[{\"@type\":\"WebPage\",\"@id\":\"https:\/\/lawandmanagement.pt\/pt-pt\/partnerships\/\",\"url\":\"https:\/\/lawandmanagement.pt\/pt-pt\/partnerships\/\",\"name\":\"PARCERIAS - Master in Law &amp; Management\",\"isPartOf\":{\"@id\":\"https:\/\/lawandmanagement.pt\/#website\"},\"datePublished\":\"2022-12-15T17:22:02+00:00\",\"dateModified\":\"2023-01-31T10:50:03+00:00\",\"breadcrumb\":{\"@id\":\"https:\/\/lawandmanagement.pt\/pt-pt\/partnerships\/#breadcrumb\"},\"inLanguage\":\"pt-PT\",\"potentialAction\":[{\"@type\":\"ReadAction\",\"target\":[\"https:\/\/lawandmanagement.pt\/pt-pt\/partnerships\/\"]}]},{\"@type\":\"BreadcrumbList\",\"@id\":\"https:\/\/lawandmanagement.pt\/pt-pt\/partnerships\/#breadcrumb\",\"itemListElement\":[{\"@type\":\"ListItem\",\"position\":1,\"name\":\"Home\",\"item\":\"https:\/\/lawandmanagement.pt\/pt-pt\/\"},{\"@type\":\"ListItem\",\"position\":2,\"name\":\"PARCERIAS\"}]},{\"@type\":\"WebSite\",\"@id\":\"https:\/\/lawandmanagement.pt\/#website\",\"url\":\"https:\/\/lawandmanagement.pt\/\",\"name\":\"Master in Law &amp; Management\",\"description\":\"The Faculty of Law of the University of Lisbon (FDUL) and the ISEG - Lisbon School of Economics &amp; Management (ISEG) created a new program, designed to respond to market demand for professionals with the capacity to address problems from an interdisciplinary perspective, combining the Law and Management: the Master in Law &amp; Management.\",\"publisher\":{\"@id\":\"https:\/\/lawandmanagement.pt\/#organization\"},\"potentialAction\":[{\"@type\":\"SearchAction\",\"target\":{\"@type\":\"EntryPoint\",\"urlTemplate\":\"https:\/\/lawandmanagement.pt\/?s={search_term_string}\"},\"query-input\":{\"@type\":\"PropertyValueSpecification\",\"valueRequired\":true,\"valueName\":\"search_term_string\"}}],\"inLanguage\":\"pt-PT\"},{\"@type\":\"Organization\",\"@id\":\"https:\/\/lawandmanagement.pt\/#organization\",\"name\":\"Master in Law &amp; Management\",\"url\":\"https:\/\/lawandmanagement.pt\/\",\"logo\":{\"@type\":\"ImageObject\",\"inLanguage\":\"pt-PT\",\"@id\":\"https:\/\/lawandmanagement.pt\/#\/schema\/logo\/image\/\",\"url\":\"https:\/\/lawandmanagement.pt\/wp-content\/uploads\/2022\/12\/logo_mestrado_dg_en.svg\",\"contentUrl\":\"https:\/\/lawandmanagement.pt\/wp-content\/uploads\/2022\/12\/logo_mestrado_dg_en.svg\",\"width\":336,\"height\":140,\"caption\":\"Master in Law &amp; Management\"},\"image\":{\"@id\":\"https:\/\/lawandmanagement.pt\/#\/schema\/logo\/image\/\"}}]}<\/script>\n<!-- \/ Yoast SEO plugin. -->","yoast_head_json":{"title":"PARCERIAS - Master in Law &amp; Management","robots":{"index":"index","follow":"follow","max-snippet":"max-snippet:-1","max-image-preview":"max-image-preview:large","max-video-preview":"max-video-preview:-1"},"canonical":"https:\/\/lawandmanagement.pt\/pt-pt\/partnerships\/","og_locale":"pt_PT","og_type":"article","og_title":"PARCERIAS - Master in Law &amp; Management","og_description":"[vc_row][vc_column][vc_column_text] Parcerias Estrat\u00e9gicas [\/vc_column_text][vc_column_text css=&#8221;.vc_custom_1672938721858{padding-bottom: 40px !important;}&#8221;] O Master in Law &amp; Management oferece uma forma\u00e7\u00e3o cient\u00edfica de topo e uma inigual\u00e1vel liga\u00e7\u00e3o \u00e0 pr\u00e1tica profissional, gra\u00e7as a parcerias estabelecidas com a FLAD e tamb\u00e9m com sociedades de advogados e empresas de primeira linha. As institui\u00e7\u00f5es parceiras deste Mestrado colaboram com a Coordena\u00e7\u00e3o na formula\u00e7\u00e3o e constante desenvolvimento dos casos ... Read More","og_url":"https:\/\/lawandmanagement.pt\/pt-pt\/partnerships\/","og_site_name":"Master in Law &amp; Management","article_modified_time":"2023-01-31T10:50:03+00:00","twitter_card":"summary_large_image","twitter_misc":{"Tempo estimado de leitura":"8 minutos"},"schema":{"@context":"https:\/\/schema.org","@graph":[{"@type":"WebPage","@id":"https:\/\/lawandmanagement.pt\/pt-pt\/partnerships\/","url":"https:\/\/lawandmanagement.pt\/pt-pt\/partnerships\/","name":"PARCERIAS - Master in Law &amp; Management","isPartOf":{"@id":"https:\/\/lawandmanagement.pt\/#website"},"datePublished":"2022-12-15T17:22:02+00:00","dateModified":"2023-01-31T10:50:03+00:00","breadcrumb":{"@id":"https:\/\/lawandmanagement.pt\/pt-pt\/partnerships\/#breadcrumb"},"inLanguage":"pt-PT","potentialAction":[{"@type":"ReadAction","target":["https:\/\/lawandmanagement.pt\/pt-pt\/partnerships\/"]}]},{"@type":"BreadcrumbList","@id":"https:\/\/lawandmanagement.pt\/pt-pt\/partnerships\/#breadcrumb","itemListElement":[{"@type":"ListItem","position":1,"name":"Home","item":"https:\/\/lawandmanagement.pt\/pt-pt\/"},{"@type":"ListItem","position":2,"name":"PARCERIAS"}]},{"@type":"WebSite","@id":"https:\/\/lawandmanagement.pt\/#website","url":"https:\/\/lawandmanagement.pt\/","name":"Master in Law &amp; Management","description":"The Faculty of Law of the University of Lisbon (FDUL) and the ISEG - Lisbon School of Economics &amp; Management (ISEG) created a new program, designed to respond to market demand for professionals with the capacity to address problems from an interdisciplinary perspective, combining the Law and Management: the Master in Law &amp; Management.","publisher":{"@id":"https:\/\/lawandmanagement.pt\/#organization"},"potentialAction":[{"@type":"SearchAction","target":{"@type":"EntryPoint","urlTemplate":"https:\/\/lawandmanagement.pt\/?s={search_term_string}"},"query-input":{"@type":"PropertyValueSpecification","valueRequired":true,"valueName":"search_term_string"}}],"inLanguage":"pt-PT"},{"@type":"Organization","@id":"https:\/\/lawandmanagement.pt\/#organization","name":"Master in Law &amp; Management","url":"https:\/\/lawandmanagement.pt\/","logo":{"@type":"ImageObject","inLanguage":"pt-PT","@id":"https:\/\/lawandmanagement.pt\/#\/schema\/logo\/image\/","url":"https:\/\/lawandmanagement.pt\/wp-content\/uploads\/2022\/12\/logo_mestrado_dg_en.svg","contentUrl":"https:\/\/lawandmanagement.pt\/wp-content\/uploads\/2022\/12\/logo_mestrado_dg_en.svg","width":336,"height":140,"caption":"Master in Law &amp; Management"},"image":{"@id":"https:\/\/lawandmanagement.pt\/#\/schema\/logo\/image\/"}}]}},"_links":{"self":[{"href":"https:\/\/lawandmanagement.pt\/pt-pt\/wp-json\/wp\/v2\/pages\/964","targetHints":{"allow":["GET"]}}],"collection":[{"href":"https:\/\/lawandmanagement.pt\/pt-pt\/wp-json\/wp\/v2\/pages"}],"about":[{"href":"https:\/\/lawandmanagement.pt\/pt-pt\/wp-json\/wp\/v2\/types\/page"}],"author":[{"embeddable":true,"href":"https:\/\/lawandmanagement.pt\/pt-pt\/wp-json\/wp\/v2\/users\/2"}],"replies":[{"embeddable":true,"href":"https:\/\/lawandmanagement.pt\/pt-pt\/wp-json\/wp\/v2\/comments?post=964"}],"version-history":[{"count":13,"href":"https:\/\/lawandmanagement.pt\/pt-pt\/wp-json\/wp\/v2\/pages\/964\/revisions"}],"predecessor-version":[{"id":1230,"href":"https:\/\/lawandmanagement.pt\/pt-pt\/wp-json\/wp\/v2\/pages\/964\/revisions\/1230"}],"wp:attachment":[{"href":"https:\/\/lawandmanagement.pt\/pt-pt\/wp-json\/wp\/v2\/media?parent=964"}],"curies":[{"name":"wp","href":"https:\/\/api.w.org\/{rel}","templated":true}]}}