{"id":963,"date":"2022-12-16T11:59:39","date_gmt":"2022-12-16T11:59:39","guid":{"rendered":"https:\/\/lawandmanagement.pt\/faculty\/"},"modified":"2026-01-21T11:47:37","modified_gmt":"2026-01-21T11:47:37","slug":"faculty","status":"publish","type":"page","link":"https:\/\/lawandmanagement.pt\/pt-pt\/faculty\/","title":{"rendered":"DOCENTES"},"content":{"rendered":"<div class=\"wpb-content-wrapper\">[vc_row][vc_column][vc_column_text css=&#8221;&#8221;]\n<h1 class=\"name\" style=\"font-size: 46px; font-weight: bold;\">Docentes<\/h1>\n<div class=\"body \" style=\"font-size: 20px;\">\n<p>O Master in Law &amp; Management combina o prest\u00edgio hist\u00f3rico de duas faculdades de refer\u00eancia \u2013 a FDUL e o ISEG \u2013 com a contemporaneidade de <span style=\"color: #000000;\"><a class=\"link-a\" href=\"https:\/\/lawandmanagement.pt\/pt-pt\/parcerias\/\" rel=\"noopener noreferrer\"><strong>parceiros <\/strong><\/a><\/span>de elite: numa estreita colabora\u00e7\u00e3o com os Coordenadores do Mestrado, estes criam casos pr\u00e1ticos que servem de base pedag\u00f3gica para todas as cadeiras do curso, integrando conhecimentos tanto de Direito como de Gest\u00e3o.<\/p>\n<p>Este \u00a0<span style=\"color: #000000;\"><a class=\"link-a\" href=\"https:\/\/lawandmanagement.pt\/pt-pt\/plano-curricular\/\" rel=\"noopener noreferrer\"><strong>modelo inovador de ensino<\/strong><\/a> <\/span>prepara os nossos alunos para uma melhor compreens\u00e3o dos problemas a partir de perspetivas diversas, e fornece-lhes solu\u00e7\u00f5es mais completas adaptadas ao mercado real.<\/p>\n<\/div>\n[\/vc_column_text][\/vc_column][\/vc_row][vc_row el_id=&#8221;faculty&#8221;][vc_column width=&#8221;1\/2&#8243; css=&#8221;.vc_custom_1671632254005{padding-left: 40px !important;}&#8221;][vc_single_image image=&#8221;1155&#8243; img_size=&#8221;300&#215;300&#8243;][vc_single_image image=&#8221;944&#8243; css=&#8221;.vc_custom_1671729660275{margin-top: -74px !important;}&#8221; el_id=&#8221;image-svg&#8221;][vc_column_text css=&#8221;.vc_custom_1674741552238{margin-top: -15px !important;}&#8221;]\n<h3 class=\"name\" title=\"Paulo de Sousa Mendes\">Jos\u00e9 Azevedo Pereira<\/h3>\n<h4 class=\"description\">Professor Catedr\u00e1tico<\/h4>\n<h4 class=\"description\">Coordenador de Mestrado<\/h4>\n<div class=\"body\">\n<div class=\"body\">\n<p>Finan\u00e7as Empresariais<\/p>\n<\/div>\n<\/div>\n[\/vc_column_text][vc_row_inner][vc_column_inner width=&#8221;1\/2&#8243;][vc_btn title=&#8221;BIO \/ CV&#8221; style=&#8221;outline&#8221; shape=&#8221;square&#8221; color=&#8221;danger&#8221; link=&#8221;url:https%3A%2F%2Fwww.iseg.ulisboa.pt%2Ffaculty%2Fjose-azevedo-pereira%2F&#8221;][\/vc_column_inner][vc_column_inner width=&#8221;1\/2&#8243; css=&#8221;.vc_custom_1671719221873{margin-left: -55px !important;padding-top: 10px !important;}&#8221;][vc_raw_html el_id=&#8221;email&#8221;]JTNDYSUyMGhyZWYlM0QlMjJtYWlsdG8lM0FqcGVyZWlyYSU0MGlzZWcudWxpc2JvYS5wdCUyMiUzRSUwQSUzQ2ltZyUyMHdpZHRoJTNEJTIyMzYlMjIlMjBoZWlnaHQlM0QlMjIyNCUyMiUyMHNyYyUzRCUyMiUyRndwLWNvbnRlbnQlMkZ1cGxvYWRzJTJGMjAyMiUyRjEyJTJGZW1haWwucG5nJTIyJTIwY2xhc3MlM0QlMjJ2Y19zaW5nbGVfaW1hZ2UtaW1nJTIwYXR0YWNobWVudC10aHVtYm5haWwlMjIlMjBhbHQlM0QlMjIlMjIlMjBkZWNvZGluZyUzRCUyMmFzeW5jJTIyJTIwbG9hZGluZyUzRCUyMmxhenklMjIlM0UlMEElM0MlMkZhJTNFJTBBJTBB[\/vc_raw_html][\/vc_column_inner][\/vc_row_inner][\/vc_column][vc_column width=&#8221;1\/2&#8243;][vc_single_image image=&#8221;2555&#8243; img_size=&#8221;300&#215;300&#8243; css=&#8221;&#8221;][vc_single_image image=&#8221;926&#8243; css=&#8221;.vc_custom_1671729733563{margin-top: -75px !important;}&#8221; el_id=&#8221;image-svg&#8221;][vc_column_text css=&#8221;.vc_custom_1768995819612{margin-top: -15px !important;}&#8221;]\n<h3 class=\"name\" title=\"Paulo de Sousa Mendes\">Ant\u00f3nio Barreto Menezes Cordeiro<\/h3>\n<h4 class=\"description\">Professor Associado<\/h4>\n<h4 class=\"description\">Coordenador de Mestrado<\/h4>\n<div class=\"body\">\n<div class=\"body\">\n<p>Direito Societ\u00e1rio e Responsabilidade<\/p>\n<\/div>\n<\/div>\n[\/vc_column_text][vc_row_inner css=&#8221;.vc_custom_1671722794973{margin-top: -20px !important;}&#8221;][vc_column_inner width=&#8221;1\/2&#8243;][vc_btn title=&#8221;BIO \/ CV&#8221; style=&#8221;outline&#8221; shape=&#8221;square&#8221; color=&#8221;danger&#8221; css=&#8221;&#8221; link=&#8221;url:https%3A%2F%2Fwww.fd.ulisboa.pt%2Fprofessores%2Fcorpo-docente%2Fa-barreto-menezes-cordeiro%2F&#8221;][\/vc_column_inner][vc_column_inner width=&#8221;1\/2&#8243; css=&#8221;.vc_custom_1671719221873{margin-left: -55px !important;padding-top: 10px !important;}&#8221;][vc_raw_html css=&#8221;&#8221; el_id=&#8221;email&#8221;]JTNDYSUyMGhyZWYlM0QlMjJtYWlsdG8lM0FhbnRvbmlvYm1jb3JkZWlybyU0MGZkLnVsaXNib2EucHQlMjIlM0UlMEElM0NpbWclMjB3aWR0aCUzRCUyMjM2JTIyJTIwaGVpZ2h0JTNEJTIyMjQlMjIlMjBzcmMlM0QlMjIlMkZ3cC1jb250ZW50JTJGdXBsb2FkcyUyRjIwMjIlMkYxMiUyRmVtYWlsLnBuZyUyMiUyMGNsYXNzJTNEJTIydmNfc2luZ2xlX2ltYWdlLWltZyUyMGF0dGFjaG1lbnQtdGh1bWJuYWlsJTIyJTIwYWx0JTNEJTIyJTIyJTIwZGVjb2RpbmclM0QlMjJhc3luYyUyMiUyMGxvYWRpbmclM0QlMjJsYXp5JTIyJTNFJTBBJTNDJTJGYSUzRQ==[\/vc_raw_html][\/vc_column_inner][\/vc_row_inner][\/vc_column][\/vc_row][vc_row css=&#8221;.vc_custom_1671719428929{padding-top: 40px !important;}&#8221;][vc_column width=&#8221;1\/2&#8243; css=&#8221;.vc_custom_1671632254005{padding-left: 40px !important;}&#8221;][vc_single_image image=&#8221;932&#8243; img_size=&#8221;300&#215;300&#8243;][vc_single_image image=&#8221;944&#8243; css=&#8221;.vc_custom_1671729748993{margin-top: -75px !important;}&#8221; el_id=&#8221;image-svg&#8221;][vc_column_text css=&#8221;.vc_custom_1672937009928{margin-top: -15px !important;}&#8221; el_id=&#8221;faculty&#8221;]\n<h3 class=\"name\" title=\"Paulo de Sousa Mendes\">Artur Cunha<\/h3>\n<h4 class=\"description\">Professor Auxiliar Convidado<\/h4>\n<div class=\"body\">Excel<\/div>\n[\/vc_column_text][vc_row_inner][vc_column_inner width=&#8221;1\/2&#8243;][vc_btn title=&#8221;BIO \/ CV&#8221; style=&#8221;outline&#8221; shape=&#8221;square&#8221; color=&#8221;danger&#8221; link=&#8221;url:https%3A%2F%2Fwww.iseg.ulisboa.pt%2Ffaculty%2Fartur-cunha%2F&#8221;][\/vc_column_inner][vc_column_inner width=&#8221;1\/2&#8243; css=&#8221;.vc_custom_1671719221873{margin-left: -55px !important;padding-top: 10px !important;}&#8221;][vc_raw_html el_id=&#8221;email&#8221;]JTNDYSUyMGhyZWYlM0QlMjJtYWlsdG8lM0FhY3VuaGElNDBpc2VnLnVsaXNib2EucHQlMjIlM0UlMEElM0NpbWclMjB3aWR0aCUzRCUyMjM2JTIyJTIwaGVpZ2h0JTNEJTIyMjQlMjIlMjBzcmMlM0QlMjIlMkZ3cC1jb250ZW50JTJGdXBsb2FkcyUyRjIwMjIlMkYxMiUyRmVtYWlsLnBuZyUyMiUyMGNsYXNzJTNEJTIydmNfc2luZ2xlX2ltYWdlLWltZyUyMGF0dGFjaG1lbnQtdGh1bWJuYWlsJTIyJTIwYWx0JTNEJTIyJTIyJTIwZGVjb2RpbmclM0QlMjJhc3luYyUyMiUyMGxvYWRpbmclM0QlMjJsYXp5JTIyJTNFJTBBJTNDJTJGYSUzRSUwQSUwQQ==[\/vc_raw_html][\/vc_column_inner][\/vc_row_inner][\/vc_column][vc_column width=&#8221;1\/2&#8243;][vc_single_image image=&#8221;927&#8243; img_size=&#8221;300&#215;300&#8243;][vc_single_image image=&#8221;926&#8243; css=&#8221;.vc_custom_1671729765786{margin-top: -75px !important;}&#8221; el_id=&#8221;image-svg&#8221;][vc_column_text css=&#8221;.vc_custom_1672937032240{margin-top: -15px !important;}&#8221; el_id=&#8221;faculty&#8221;]\n<h3 class=\"name\" title=\"Paulo de Sousa Mendes\">Carlos Manuel Baptista Lobo<\/h3>\n<h4 class=\"description\">Professor Associado<\/h4>\n<div class=\"body\">Tributa\u00e7\u00e3o de Empresas<\/div>\n[\/vc_column_text][vc_row_inner][vc_column_inner width=&#8221;1\/2&#8243;][vc_btn title=&#8221;BIO \/ CV&#8221; style=&#8221;outline&#8221; shape=&#8221;square&#8221; color=&#8221;danger&#8221; link=&#8221;url:https%3A%2F%2Fwww.ideff.pt%2Fen%2Fideff_faculty_staff_detail.php%3FaID%3D50&#8243;][\/vc_column_inner][vc_column_inner width=&#8221;1\/2&#8243; css=&#8221;.vc_custom_1671719221873{margin-left: -55px !important;padding-top: 10px !important;}&#8221;][vc_raw_html el_id=&#8221;email&#8221;]JTNDYSUyMGhyZWYlM0QlMjJtYWlsdG8lM0FjYXJsb3Nsb2JvJTQwZmQudWxpc2JvYS5wdCUyMiUzRSUwQSUzQ2ltZyUyMHdpZHRoJTNEJTIyMzYlMjIlMjBoZWlnaHQlM0QlMjIyNCUyMiUyMHNyYyUzRCUyMiUyRndwLWNvbnRlbnQlMkZ1cGxvYWRzJTJGMjAyMiUyRjEyJTJGZW1haWwucG5nJTIyJTIwY2xhc3MlM0QlMjJ2Y19zaW5nbGVfaW1hZ2UtaW1nJTIwYXR0YWNobWVudC10aHVtYm5haWwlMjIlMjBhbHQlM0QlMjIlMjIlMjBkZWNvZGluZyUzRCUyMmFzeW5jJTIyJTIwbG9hZGluZyUzRCUyMmxhenklMjIlM0UlMEElM0MlMkZhJTNF[\/vc_raw_html][\/vc_column_inner][\/vc_row_inner][\/vc_column][\/vc_row][vc_row css=&#8221;.vc_custom_1671720721349{margin-top: 40px !important;}&#8221;][vc_column width=&#8221;1\/2&#8243; css=&#8221;.vc_custom_1671632254005{padding-left: 40px !important;}&#8221;][vc_single_image image=&#8221;2420&#8243; img_size=&#8221;300&#215;300&#8243; css=&#8221;&#8221;][vc_single_image image=&#8221;926&#8243; css=&#8221;.vc_custom_1671729784066{margin-top: -75px !important;}&#8221; el_id=&#8221;image-svg&#8221;][vc_column_text css=&#8221;.vc_custom_1768919645430{margin-top: -15px !important;}&#8221; el_id=&#8221;faculty&#8221;]\n<h3 class=\"name\" title=\"Paulo de Sousa Mendes\">Filipe de Vasconcelos Fernandes<\/h3>\n<h4 class=\"description\">Professor Auxiliar<\/h4>\n<div class=\"body\">Direito dos Mercados Financeiros<\/div>\n[\/vc_column_text][vc_row_inner][vc_column_inner width=&#8221;1\/2&#8243;][vc_btn title=&#8221;BIO \/ CV&#8221; style=&#8221;outline&#8221; shape=&#8221;square&#8221; color=&#8221;danger&#8221; css=&#8221;&#8221; link=&#8221;url:https%3A%2F%2Flawandmanagement.pt%2Fwp-content%2Fuploads%2F2026%2F01%2FFilipe-de-Vasconcelos-Fernandes-Bio.pdf|target:_blank&#8221;][\/vc_column_inner][vc_column_inner width=&#8221;1\/2&#8243; css=&#8221;.vc_custom_1671719221873{margin-left: -55px !important;padding-top: 10px !important;}&#8221;][vc_raw_html css=&#8221;&#8221; el_id=&#8221;email&#8221;]JTNDYSUyMGhyZWYlM0QlMjJtYWlsdG8lM0FmaWxpcGVmZXJuYW5kZXMlNDBmZC51bGlzYm9hLnB0JTIyJTNFJTBBJTNDaW1nJTIwd2lkdGglM0QlMjIzNiUyMiUyMGhlaWdodCUzRCUyMjI0JTIyJTIwc3JjJTNEJTIyJTJGd3AtY29udGVudCUyRnVwbG9hZHMlMkYyMDIyJTJGMTIlMkZlbWFpbC5wbmclMjIlMjBjbGFzcyUzRCUyMnZjX3NpbmdsZV9pbWFnZS1pbWclMjBhdHRhY2htZW50LXRodW1ibmFpbCUyMiUyMGFsdCUzRCUyMiUyMiUyMGRlY29kaW5nJTNEJTIyYXN5bmMlMjIlMjBsb2FkaW5nJTNEJTIybGF6eSUyMiUzRSUwQSUzQyUyRmElM0UlMEElMEE=[\/vc_raw_html][\/vc_column_inner][\/vc_row_inner][\/vc_column][vc_column width=&#8221;1\/2&#8243;][vc_single_image image=&#8221;2282&#8243; img_size=&#8221;250&#215;250&#8243; css=&#8221;&#8221;][vc_single_image image=&#8221;926&#8243; css=&#8221;.vc_custom_1671729784066{margin-top: -75px !important;}&#8221; el_id=&#8221;image-svg&#8221;][vc_column_text css=&#8221;.vc_custom_1672937064816{margin-top: -15px !important;}&#8221; el_id=&#8221;faculty&#8221;]\n<h3 class=\"name\" title=\"Paulo de Sousa Mendes\">Guilherme Machado Dray<\/h3>\n<h4 class=\"description\">Professor Auxiliar<\/h4>\n<div class=\"body\">Direito do Trabalho<\/div>\n[\/vc_column_text][vc_row_inner][vc_column_inner width=&#8221;1\/2&#8243;][vc_btn title=&#8221;BIO \/ CV&#8221; style=&#8221;outline&#8221; shape=&#8221;square&#8221; color=&#8221;danger&#8221; link=&#8221;url:https%3A%2F%2Fwww.fd.ulisboa.pt%2Fprofessores%2Fcorpo-docente%2Fguilherme-machado-dray%2F&#8221;][\/vc_column_inner][vc_column_inner width=&#8221;1\/2&#8243; css=&#8221;.vc_custom_1671719221873{margin-left: -55px !important;padding-top: 10px !important;}&#8221;][vc_raw_html]JTNDYSUyMGhyZWYlM0QlMjJtYWlsdG8lM0FnbWFjaGFkb2RyYXklNDBmZC51bGlzYm9hLnB0JTIyJTNFJTBBJTNDaW1nJTIwd2lkdGglM0QlMjIzNiUyMiUyMGhlaWdodCUzRCUyMjI0JTIyJTIwc3JjJTNEJTIyJTJGd3AtY29udGVudCUyRnVwbG9hZHMlMkYyMDIyJTJGMTIlMkZlbWFpbC5wbmclMjIlMjBjbGFzcyUzRCUyMnZjX3NpbmdsZV9pbWFnZS1pbWclMjBhdHRhY2htZW50LXRodW1ibmFpbCUyMiUyMGFsdCUzRCUyMiUyMiUyMGRlY29kaW5nJTNEJTIyYXN5bmMlMjIlMjBsb2FkaW5nJTNEJTIybGF6eSUyMiUzRSUwQSUzQyUyRmElM0UlMEElMEE=[\/vc_raw_html][\/vc_column_inner][\/vc_row_inner][\/vc_column][\/vc_row][vc_row css=&#8221;.vc_custom_1671719428929{padding-top: 40px !important;}&#8221;][vc_column width=&#8221;1\/2&#8243; css=&#8221;.vc_custom_1671632254005{padding-left: 40px !important;}&#8221;][vc_single_image image=&#8221;937&#8243; img_size=&#8221;300&#215;300&#8243;][vc_single_image image=&#8221;944&#8243; css=&#8221;.vc_custom_1671729936426{margin-top: -75px !important;}&#8221; el_id=&#8221;image-svg&#8221;][vc_column_text css=&#8221;.vc_custom_1694184744334{margin-top: -15px !important;}&#8221; el_id=&#8221;faculty&#8221;]\n<h3 class=\"name\" title=\"Paulo de Sousa Mendes\">Jorge Gomes<\/h3>\n<h4 class=\"description\">Professor Catedr\u00e1tico<\/h4>\n<div class=\"body\">Lideran\u00e7a, Negocia\u00e7\u00e3o, \u00c9tica e Responsabilidade Social<\/div>\n[\/vc_column_text][vc_row_inner][vc_column_inner width=&#8221;1\/2&#8243;][vc_btn title=&#8221;BIO \/ CV&#8221; style=&#8221;outline&#8221; shape=&#8221;square&#8221; color=&#8221;danger&#8221; link=&#8221;url:https%3A%2F%2Fwww.iseg.ulisboa.pt%2Ffaculty%2Fjorge-gomes%2F&#8221;][\/vc_column_inner][vc_column_inner width=&#8221;1\/2&#8243; css=&#8221;.vc_custom_1671719221873{margin-left: -55px !important;padding-top: 10px !important;}&#8221;][vc_raw_html el_id=&#8221;email&#8221;]JTNDYSUyMGhyZWYlM0QlMjJtYWlsdG8lM0Fqb3JnZWdvbWVzJTQwaXNlZy51bGlzYm9hLnB0JTIyJTNFJTBBJTNDaW1nJTIwd2lkdGglM0QlMjIzNiUyMiUyMGhlaWdodCUzRCUyMjI0JTIyJTIwc3JjJTNEJTIyJTJGd3AtY29udGVudCUyRnVwbG9hZHMlMkYyMDIyJTJGMTIlMkZlbWFpbC5wbmclMjIlMjBjbGFzcyUzRCUyMnZjX3NpbmdsZV9pbWFnZS1pbWclMjBhdHRhY2htZW50LXRodW1ibmFpbCUyMiUyMGFsdCUzRCUyMiUyMiUyMGRlY29kaW5nJTNEJTIyYXN5bmMlMjIlMjBsb2FkaW5nJTNEJTIybGF6eSUyMiUzRSUwQSUzQyUyRmElM0UlMEElMEE=[\/vc_raw_html][\/vc_column_inner][\/vc_row_inner][\/vc_column][vc_column width=&#8221;1\/2&#8243;][vc_single_image image=&#8221;1816&#8243; img_size=&#8221;300&#215;300&#8243;][vc_single_image image=&#8221;926&#8243; css=&#8221;.vc_custom_1675419321305{margin-top: -75px !important;}&#8221; el_id=&#8221;image-svg&#8221;][vc_column_text css=&#8221;.vc_custom_1768995937148{margin-top: -15px !important;}&#8221; el_id=&#8221;faculty&#8221;]\n<h3 class=\"name\" title=\"Paulo de Sousa Mendes\">Mafalda Carmona<\/h3>\n<h4 class=\"description\">Professora Auxiliar<\/h4>\n<p>Direito dos Contratos[\/vc_column_text][vc_row_inner][vc_column_inner width=&#8221;1\/2&#8243;][vc_btn title=&#8221;BIO \/ CV&#8221; style=&#8221;outline&#8221; shape=&#8221;square&#8221; color=&#8221;danger&#8221; link=&#8221;url:https%3A%2F%2Flawandmanagement.pt%2Fwp-content%2Fuploads%2F2024%2F04%2FMafalda-Carmona-CV.pdf|target:_blank&#8221;][\/vc_column_inner][vc_column_inner width=&#8221;1\/2&#8243; css=&#8221;.vc_custom_1671719221873{margin-left: -55px !important;padding-top: 10px !important;}&#8221;][vc_raw_html]JTNDYSUyMGhyZWYlM0QlMjJtYWlsdG8lM0FtY2FybW9uYSU0MGZkLnVsaXNib2EucHQlMjIlM0UlMEElM0NpbWclMjB3aWR0aCUzRCUyMjM2JTIyJTIwaGVpZ2h0JTNEJTIyMjQlMjIlMjBzcmMlM0QlMjIlMkZ3cC1jb250ZW50JTJGdXBsb2FkcyUyRjIwMjIlMkYxMiUyRmVtYWlsLnBuZyUyMiUyMGNsYXNzJTNEJTIydmNfc2luZ2xlX2ltYWdlLWltZyUyMGF0dGFjaG1lbnQtdGh1bWJuYWlsJTIyJTIwYWx0JTNEJTIyJTIyJTIwZGVjb2RpbmclM0QlMjJhc3luYyUyMiUyMGxvYWRpbmclM0QlMjJsYXp5JTIyJTNFJTBBJTNDJTJGYSUzRSUwQSUwQQ==[\/vc_raw_html][\/vc_column_inner][\/vc_row_inner][\/vc_column][\/vc_row][vc_row css=&#8221;.vc_custom_1671719428929{padding-top: 40px !important;}&#8221;][vc_column width=&#8221;1\/2&#8243; css=&#8221;.vc_custom_1671632254005{padding-left: 40px !important;}&#8221;][vc_single_image image=&#8221;931&#8243; img_size=&#8221;300&#215;300&#8243;][vc_single_image image=&#8221;944&#8243; css=&#8221;.vc_custom_1671729943449{margin-top: -75px !important;}&#8221; el_id=&#8221;image-svg&#8221;][vc_column_text css=&#8221;.vc_custom_1768995928253{margin-top: -15px !important;}&#8221; el_id=&#8221;faculty&#8221;]\n<h3 class=\"name\" title=\"Paulo de Sousa Mendes\">Maria Jo\u00e3o Guedes<\/h3>\n<h4 class=\"description\">Professora Auxiliar Com Agrega\u00e7\u00e3o<\/h4>\n<div class=\"body\">Contabilidade e An\u00e1lise Financeira<br \/>\nCorporate Governance<\/div>\n[\/vc_column_text][vc_row_inner][vc_column_inner width=&#8221;1\/2&#8243;][vc_btn title=&#8221;BIO \/ CV&#8221; style=&#8221;outline&#8221; shape=&#8221;square&#8221; color=&#8221;danger&#8221; link=&#8221;url:https%3A%2F%2Fwww.iseg.ulisboa.pt%2Fpt%2Ffaculty%2Fmaria-joao-guedes%2F&#8221;][\/vc_column_inner][vc_column_inner width=&#8221;1\/2&#8243; css=&#8221;.vc_custom_1671719221873{margin-left: -55px !important;padding-top: 10px !important;}&#8221;][vc_raw_html el_id=&#8221;email&#8221;]JTNDYSUyMGhyZWYlM0QlMjJtYWlsdG8lM0Ftamd1ZWRlcyU0MGlzZWcudWxpc2JvYS5wdCUyMiUzRSUwQSUzQ2ltZyUyMHdpZHRoJTNEJTIyMzYlMjIlMjBoZWlnaHQlM0QlMjIyNCUyMiUyMHNyYyUzRCUyMiUyRndwLWNvbnRlbnQlMkZ1cGxvYWRzJTJGMjAyMiUyRjEyJTJGZW1haWwucG5nJTIyJTIwY2xhc3MlM0QlMjJ2Y19zaW5nbGVfaW1hZ2UtaW1nJTIwYXR0YWNobWVudC10aHVtYm5haWwlMjIlMjBhbHQlM0QlMjIlMjIlMjBkZWNvZGluZyUzRCUyMmFzeW5jJTIyJTIwbG9hZGluZyUzRCUyMmxhenklMjIlM0UlMEElM0MlMkZhJTNF[\/vc_raw_html][\/vc_column_inner][\/vc_row_inner][\/vc_column][vc_column width=&#8221;1\/2&#8243;][vc_single_image image=&#8221;954&#8243; img_size=&#8221;300&#215;300&#8243;][vc_single_image image=&#8221;926&#8243; css=&#8221;.vc_custom_1671729979657{margin-top: -75px !important;}&#8221; el_id=&#8221;image-svg&#8221;][vc_column_text css=&#8221;.vc_custom_1767865578332{margin-top: -15px !important;}&#8221; el_id=&#8221;faculty&#8221;]\n<h3 class=\"name\" title=\"Paulo de Sousa Mendes\">Miguel Moura e Silva<\/h3>\n<h4 class=\"description\">Professor Associado<\/h4>\n<div class=\"body\">Direito da Concorr\u00eancia<\/div>\n[\/vc_column_text][vc_row_inner css=&#8221;.vc_custom_1671723258900{margin-top: -20px !important;}&#8221;][vc_column_inner width=&#8221;1\/2&#8243;][vc_btn title=&#8221;BIO \/ CV&#8221; style=&#8221;outline&#8221; shape=&#8221;square&#8221; color=&#8221;danger&#8221; link=&#8221;url:https%3A%2F%2Fwww.fd.ulisboa.pt%2Fprofessores%2Fcorpo-docente%2Fmiguel-moura-e-silva%2F&#8221;][\/vc_column_inner][vc_column_inner width=&#8221;1\/2&#8243; css=&#8221;.vc_custom_1671719221873{margin-left: -55px !important;padding-top: 10px !important;}&#8221;][vc_raw_html el_id=&#8221;email&#8221;]JTNDYSUyMGhyZWYlM0QlMjJtYWlsdG8lM0FtbXNpbHZhJTQwZmQudWxpc2JvYS5wdCUyMiUzRSUwQSUzQ2ltZyUyMHdpZHRoJTNEJTIyMzYlMjIlMjBoZWlnaHQlM0QlMjIyNCUyMiUyMHNyYyUzRCUyMiUyRndwLWNvbnRlbnQlMkZ1cGxvYWRzJTJGMjAyMiUyRjEyJTJGZW1haWwucG5nJTIyJTIwY2xhc3MlM0QlMjJ2Y19zaW5nbGVfaW1hZ2UtaW1nJTIwYXR0YWNobWVudC10aHVtYm5haWwlMjIlMjBhbHQlM0QlMjIlMjIlMjBkZWNvZGluZyUzRCUyMmFzeW5jJTIyJTIwbG9hZGluZyUzRCUyMmxhenklMjIlM0UlMEElM0MlMkZhJTNF[\/vc_raw_html][\/vc_column_inner][\/vc_row_inner][\/vc_column][\/vc_row][vc_row css=&#8221;.vc_custom_1671720765676{margin-top: 40px !important;}&#8221;][vc_column width=&#8221;1\/2&#8243; css=&#8221;.vc_custom_1671632254005{padding-left: 40px !important;}&#8221;][vc_single_image image=&#8221;925&#8243; img_size=&#8221;300&#215;300&#8243;][vc_single_image image=&#8221;926&#8243; css=&#8221;.vc_custom_1671729765786{margin-top: -75px !important;}&#8221; el_id=&#8221;image-svg&#8221;][vc_column_text css=&#8221;.vc_custom_1768919667403{margin-top: -15px !important;}&#8221; el_id=&#8221;faculty&#8221;]\n<h3 class=\"name\" title=\"Paulo de Sousa Mendes\">Paulo de Sousa Mendes<\/h3>\n<h4 class=\"description\">Professor Catedr\u00e1tico<\/h4>\n<h4 class=\"description\"><\/h4>\n<div class=\"body\">\n<div class=\"body\">\n<p>Direito Sancionat\u00f3rio P\u00fablico e <em>Compliance<\/em><\/p>\n<\/div>\n<\/div>\n<div><\/div>\n[\/vc_column_text][vc_row_inner css=&#8221;.vc_custom_1671722794973{margin-top: -20px !important;}&#8221;][vc_column_inner width=&#8221;1\/2&#8243;][vc_btn title=&#8221;BIO \/ CV&#8221; style=&#8221;outline&#8221; shape=&#8221;square&#8221; color=&#8221;danger&#8221; link=&#8221;url:https%3A%2F%2Fwww.fd.ulisboa.pt%2Fprofessores%2Fcorpo-docente%2Fpaulo-de-sousa-mendes%2F&#8221;][\/vc_column_inner][vc_column_inner width=&#8221;1\/2&#8243; css=&#8221;.vc_custom_1671719221873{margin-left: -55px !important;padding-top: 10px !important;}&#8221;][vc_raw_html]JTNDYSUyMGhyZWYlM0QlMjJtYWlsdG8lM0FwYXVsb3NvdXNhbWVuZGVzJTQweWFob28uY29tJTIyJTNFJTBBJTNDaW1nJTIwd2lkdGglM0QlMjIzNiUyMiUyMGhlaWdodCUzRCUyMjI0JTIyJTIwc3JjJTNEJTIyJTJGd3AtY29udGVudCUyRnVwbG9hZHMlMkYyMDIyJTJGMTIlMkZlbWFpbC5wbmclMjIlMjBjbGFzcyUzRCUyMnZjX3NpbmdsZV9pbWFnZS1pbWclMjBhdHRhY2htZW50LXRodW1ibmFpbCUyMiUyMGFsdCUzRCUyMiUyMiUyMGRlY29kaW5nJTNEJTIyYXN5bmMlMjIlMjBsb2FkaW5nJTNEJTIybGF6eSUyMiUzRSUwQSUzQyUyRmElM0U=[\/vc_raw_html][\/vc_column_inner][\/vc_row_inner][\/vc_column][vc_column width=&#8221;1\/2&#8243;][vc_single_image image=&#8221;940&#8243; img_size=&#8221;300&#215;300&#8243;][vc_single_image image=&#8221;944&#8243; css=&#8221;.vc_custom_1671730001712{margin-top: -75px !important;}&#8221; el_id=&#8221;image-svg&#8221;][vc_column_text css=&#8221;.vc_custom_1753717333987{margin-top: -15px !important;}&#8221; el_id=&#8221;faculty&#8221;]\n<h3 class=\"name\" title=\"Paulo de Sousa Mendes\">Pedro Rino Vieira<\/h3>\n<h4 class=\"description\">Professor Auxiliar Coordenador do Mestrado<\/h4>\n<div class=\"body\">Finan\u00e7as Empresariais<\/div>\n<div class=\"body\">C\u00e1lculo Financeiro<\/div>\n<div><\/div>\n[\/vc_column_text][vc_row_inner css=&#8221;.vc_custom_1671721808633{margin-top: -25px !important;}&#8221;][vc_column_inner width=&#8221;1\/2&#8243;][vc_btn title=&#8221;BIO \/ CV&#8221; style=&#8221;outline&#8221; shape=&#8221;square&#8221; color=&#8221;danger&#8221; link=&#8221;url:https%3A%2F%2Fwww.iseg.ulisboa.pt%2Fpt%2Ffaculty%2Fpedro-rino-vieira%2F&#8221;][\/vc_column_inner][vc_column_inner width=&#8221;1\/2&#8243; css=&#8221;.vc_custom_1671719221873{margin-left: -55px !important;padding-top: 10px !important;}&#8221;][vc_raw_html el_id=&#8221;email&#8221;]JTNDYSUyMGhyZWYlM0QlMjJtYWlsdG8lM0FyaW5vdmllaXJhJTQwaXNlZy51bGlzYm9hLnB0JTIyJTNFJTBBJTNDaW1nJTIwd2lkdGglM0QlMjIzNiUyMiUyMGhlaWdodCUzRCUyMjI0JTIyJTIwc3JjJTNEJTIyJTJGd3AtY29udGVudCUyRnVwbG9hZHMlMkYyMDIyJTJGMTIlMkZlbWFpbC5wbmclMjIlMjBjbGFzcyUzRCUyMnZjX3NpbmdsZV9pbWFnZS1pbWclMjBhdHRhY2htZW50LXRodW1ibmFpbCUyMiUyMGFsdCUzRCUyMiUyMiUyMGRlY29kaW5nJTNEJTIyYXN5bmMlMjIlMjBsb2FkaW5nJTNEJTIybGF6eSUyMiUzRSUwQSUzQyUyRmElM0UlMEElMEE=[\/vc_raw_html][\/vc_column_inner][\/vc_row_inner][\/vc_column][\/vc_row][vc_row css=&#8221;.vc_custom_1671719428929{padding-top: 40px !important;}&#8221;][vc_column width=&#8221;1\/2&#8243; css=&#8221;.vc_custom_1671632254005{padding-left: 40px !important;}&#8221;][vc_single_image image=&#8221;941&#8243; img_size=&#8221;300&#215;300&#8243;][vc_single_image image=&#8221;944&#8243; css=&#8221;.vc_custom_1671730008152{margin-top: -75px !important;}&#8221; el_id=&#8221;image-svg&#8221;][vc_column_text css=&#8221;.vc_custom_1672937309951{margin-top: -15px !important;}&#8221; el_id=&#8221;faculty&#8221;]\n<h3 class=\"name\" title=\"Paulo de Sousa Mendes\">Renato In\u00e1cio<\/h3>\n<h4 class=\"description\">Assistente Convidado<\/h4>\n<div class=\"body\">Fus\u00f5es, Aquisi\u00e7\u00f5es e Reestrutura\u00e7\u00e3o Corporativa<\/div>\n[\/vc_column_text][vc_row_inner][vc_column_inner width=&#8221;1\/2&#8243;][vc_btn title=&#8221;BIO \/ CV&#8221; style=&#8221;outline&#8221; shape=&#8221;square&#8221; color=&#8221;danger&#8221; link=&#8221;url:https%3A%2F%2Fwww.iseg.ulisboa.pt%2Ffaculty%2Frenato-inacio%2F%3Flocale%3Den&#8221;][\/vc_column_inner][vc_column_inner width=&#8221;1\/2&#8243; css=&#8221;.vc_custom_1671719221873{margin-left: -55px !important;padding-top: 10px !important;}&#8221;][vc_raw_html el_id=&#8221;email&#8221;]JTNDYSUyMGhyZWYlM0QlMjJtYWlsdG8lM0FyZW5hdG8uaW5hY2lvJTQwaXNlZy51bGlzYm9hLnB0JTIyJTNFJTBBJTNDaW1nJTIwd2lkdGglM0QlMjIzNiUyMiUyMGhlaWdodCUzRCUyMjI0JTIyJTIwc3JjJTNEJTIyJTJGd3AtY29udGVudCUyRnVwbG9hZHMlMkYyMDIyJTJGMTIlMkZlbWFpbC5wbmclMjIlMjBjbGFzcyUzRCUyMnZjX3NpbmdsZV9pbWFnZS1pbWclMjBhdHRhY2htZW50LXRodW1ibmFpbCUyMiUyMGFsdCUzRCUyMiUyMiUyMGRlY29kaW5nJTNEJTIyYXN5bmMlMjIlMjBsb2FkaW5nJTNEJTIybGF6eSUyMiUzRSUwQSUzQyUyRmElM0U=[\/vc_raw_html][\/vc_column_inner][\/vc_row_inner][\/vc_column][vc_column width=&#8221;1\/2&#8243;][vc_single_image image=&#8221;942&#8243; img_size=&#8221;300&#215;300&#8243;][vc_single_image image=&#8221;944&#8243; css=&#8221;.vc_custom_1671730016040{margin-top: -75px !important;}&#8221; el_id=&#8221;image-svg&#8221;][vc_column_text css=&#8221;.vc_custom_1672937329399{margin-top: -15px !important;}&#8221; el_id=&#8221;faculty&#8221;]\n<h3 class=\"name\" title=\"Paulo de Sousa Mendes\">Ricardo Figueiredo Belchior<\/h3>\n<h4 class=\"description\">Professor Auxiliar<\/h4>\n<div class=\"body\">Estrat\u00e9gia de Gest\u00e3o e Organiza\u00e7\u00e3o<\/div>\n[\/vc_column_text][vc_row_inner css=&#8221;.vc_custom_1671721826024{margin-top: -25px !important;}&#8221;][vc_column_inner width=&#8221;1\/2&#8243;][vc_btn title=&#8221;BIO \/ CV&#8221; style=&#8221;outline&#8221; shape=&#8221;square&#8221; color=&#8221;danger&#8221; link=&#8221;url:https%3A%2F%2Fwww.iseg.ulisboa.pt%2Ffaculty%2Fricardo-belchior%2F&#8221;][\/vc_column_inner][vc_column_inner width=&#8221;1\/2&#8243; css=&#8221;.vc_custom_1671719221873{margin-left: -55px !important;padding-top: 10px !important;}&#8221;][vc_raw_html el_id=&#8221;email&#8221;]JTNDYSUyMGhyZWYlM0QlMjJtYWlsdG8lM0FyaWNhcmRvYmVsY2hpb3IlNDBpc2VnLnVsaXNib2EucHQlMjIlM0UlMEElM0NpbWclMjB3aWR0aCUzRCUyMjM2JTIyJTIwaGVpZ2h0JTNEJTIyMjQlMjIlMjBzcmMlM0QlMjIlMkZ3cC1jb250ZW50JTJGdXBsb2FkcyUyRjIwMjIlMkYxMiUyRmVtYWlsLnBuZyUyMiUyMGNsYXNzJTNEJTIydmNfc2luZ2xlX2ltYWdlLWltZyUyMGF0dGFjaG1lbnQtdGh1bWJuYWlsJTIyJTIwYWx0JTNEJTIyJTIyJTIwZGVjb2RpbmclM0QlMjJhc3luYyUyMiUyMGxvYWRpbmclM0QlMjJsYXp5JTIyJTNFJTBBJTNDJTJGYSUzRSUwQSUwQQ==[\/vc_raw_html][\/vc_column_inner][\/vc_row_inner][\/vc_column][\/vc_row][vc_row css=&#8221;.vc_custom_1671719428929{padding-top: 40px !important;}&#8221;][vc_column width=&#8221;1\/2&#8243; css=&#8221;.vc_custom_1671632254005{padding-left: 40px !important;}&#8221;][vc_single_image img_size=&#8221;300&#215;300&#8243; css=&#8221;&#8221;][vc_single_image image=&#8221;926&#8243; css=&#8221;.vc_custom_1768987889797{margin-top: -75px !important;}&#8221; el_id=&#8221;image-svg&#8221;][vc_column_text css=&#8221;.vc_custom_1768995876949{margin-top: -15px !important;}&#8221; el_id=&#8221;faculty&#8221;]\n<h3 class=\"name\" title=\"Paulo de Sousa Mendes\">Isabel Vieira Borges<\/h3>\n<h4 class=\"description\">Professora Auxiliar<\/h4>\n<div class=\"body\">Direito do Trabalho<\/div>\n[\/vc_column_text][vc_row_inner][vc_column_inner width=&#8221;1\/2&#8243;][vc_btn title=&#8221;BIO \/ CV&#8221; style=&#8221;outline&#8221; shape=&#8221;square&#8221; color=&#8221;danger&#8221; link=&#8221;url:https%3A%2F%2Fwww.iseg.ulisboa.pt%2Ffaculty%2Frenato-inacio%2F%3Flocale%3Den&#8221;][\/vc_column_inner][vc_column_inner width=&#8221;1\/2&#8243; css=&#8221;.vc_custom_1671719221873{margin-left: -55px !important;padding-top: 10px !important;}&#8221;][vc_raw_html el_id=&#8221;email&#8221;]JTNDYSUyMGhyZWYlM0QlMjJtYWlsdG8lM0FyZW5hdG8uaW5hY2lvJTQwaXNlZy51bGlzYm9hLnB0JTIyJTNFJTBBJTNDaW1nJTIwd2lkdGglM0QlMjIzNiUyMiUyMGhlaWdodCUzRCUyMjI0JTIyJTIwc3JjJTNEJTIyJTJGd3AtY29udGVudCUyRnVwbG9hZHMlMkYyMDIyJTJGMTIlMkZlbWFpbC5wbmclMjIlMjBjbGFzcyUzRCUyMnZjX3NpbmdsZV9pbWFnZS1pbWclMjBhdHRhY2htZW50LXRodW1ibmFpbCUyMiUyMGFsdCUzRCUyMiUyMiUyMGRlY29kaW5nJTNEJTIyYXN5bmMlMjIlMjBsb2FkaW5nJTNEJTIybGF6eSUyMiUzRSUwQSUzQyUyRmElM0U=[\/vc_raw_html][\/vc_column_inner][\/vc_row_inner][\/vc_column][vc_column width=&#8221;1\/2&#8243;][vc_single_image img_size=&#8221;300&#215;300&#8243; css=&#8221;&#8221;][vc_single_image image=&#8221;926&#8243; css=&#8221;.vc_custom_1768987907601{margin-top: -75px !important;}&#8221; el_id=&#8221;image-svg&#8221;][vc_column_text css=&#8221;.vc_custom_1768995914438{margin-top: -15px !important;}&#8221; el_id=&#8221;faculty&#8221;]\n<h3 class=\"name\" title=\"Paulo de Sousa Mendes\">Madalena Perestrelo de Oliveira<\/h3>\n<h4 class=\"description\">Professora Auxiliar<\/h4>\n<div class=\"body\">Direito Societ\u00e1rio e Responsabilidade<\/div>\n[\/vc_column_text][vc_row_inner css=&#8221;.vc_custom_1671721826024{margin-top: -25px !important;}&#8221;][vc_column_inner width=&#8221;1\/2&#8243;][vc_btn title=&#8221;BIO \/ CV&#8221; style=&#8221;outline&#8221; shape=&#8221;square&#8221; color=&#8221;danger&#8221; link=&#8221;url:https%3A%2F%2Fwww.iseg.ulisboa.pt%2Ffaculty%2Fricardo-belchior%2F&#8221;][\/vc_column_inner][vc_column_inner width=&#8221;1\/2&#8243; css=&#8221;.vc_custom_1671719221873{margin-left: -55px !important;padding-top: 10px !important;}&#8221;][vc_raw_html el_id=&#8221;email&#8221;]JTNDYSUyMGhyZWYlM0QlMjJtYWlsdG8lM0FyaWNhcmRvYmVsY2hpb3IlNDBpc2VnLnVsaXNib2EucHQlMjIlM0UlMEElM0NpbWclMjB3aWR0aCUzRCUyMjM2JTIyJTIwaGVpZ2h0JTNEJTIyMjQlMjIlMjBzcmMlM0QlMjIlMkZ3cC1jb250ZW50JTJGdXBsb2FkcyUyRjIwMjIlMkYxMiUyRmVtYWlsLnBuZyUyMiUyMGNsYXNzJTNEJTIydmNfc2luZ2xlX2ltYWdlLWltZyUyMGF0dGFjaG1lbnQtdGh1bWJuYWlsJTIyJTIwYWx0JTNEJTIyJTIyJTIwZGVjb2RpbmclM0QlMjJhc3luYyUyMiUyMGxvYWRpbmclM0QlMjJsYXp5JTIyJTNFJTBBJTNDJTJGYSUzRSUwQSUwQQ==[\/vc_raw_html][\/vc_column_inner][\/vc_row_inner][\/vc_column][\/vc_row][vc_row css=&#8221;.vc_custom_1671719428929{padding-top: 40px !important;}&#8221;][vc_column width=&#8221;1\/2&#8243; css=&#8221;.vc_custom_1671632254005{padding-left: 40px !important;}&#8221;][vc_single_image image=&#8221;2605&#8243; img_size=&#8221;300&#215;300&#8243; css=&#8221;&#8221;][vc_single_image image=&#8221;926&#8243; css=&#8221;.vc_custom_1768987941267{margin-top: -75px !important;}&#8221; el_id=&#8221;image-svg&#8221;][vc_column_text css=&#8221;.vc_custom_1768995980861{margin-top: -15px !important;}&#8221; el_id=&#8221;faculty&#8221;]\n<h3 class=\"name\" title=\"Paulo de Sousa Mendes\">Marta Boura<\/h3>\n<h4 class=\"description\">Assistente Convidada<\/h4>\n<div class=\"body\">Direito dos Contratos<\/div>\n[\/vc_column_text][vc_row_inner][vc_column_inner width=&#8221;1\/2&#8243;][vc_btn title=&#8221;BIO \/ CV&#8221; style=&#8221;outline&#8221; shape=&#8221;square&#8221; color=&#8221;danger&#8221; css=&#8221;&#8221; link=&#8221;url:https%3A%2F%2Flawandmanagement.pt%2Fwp-content%2Fuploads%2F2026%2F01%2FMarta-Boura-CV.pdf|target:_blank&#8221;][\/vc_column_inner][vc_column_inner width=&#8221;1\/2&#8243; css=&#8221;.vc_custom_1671719221873{margin-left: -55px !important;padding-top: 10px !important;}&#8221;][vc_raw_html el_id=&#8221;email&#8221;]JTNDYSUyMGhyZWYlM0QlMjJtYWlsdG8lM0FyZW5hdG8uaW5hY2lvJTQwaXNlZy51bGlzYm9hLnB0JTIyJTNFJTBBJTNDaW1nJTIwd2lkdGglM0QlMjIzNiUyMiUyMGhlaWdodCUzRCUyMjI0JTIyJTIwc3JjJTNEJTIyJTJGd3AtY29udGVudCUyRnVwbG9hZHMlMkYyMDIyJTJGMTIlMkZlbWFpbC5wbmclMjIlMjBjbGFzcyUzRCUyMnZjX3NpbmdsZV9pbWFnZS1pbWclMjBhdHRhY2htZW50LXRodW1ibmFpbCUyMiUyMGFsdCUzRCUyMiUyMiUyMGRlY29kaW5nJTNEJTIyYXN5bmMlMjIlMjBsb2FkaW5nJTNEJTIybGF6eSUyMiUzRSUwQSUzQyUyRmElM0U=[\/vc_raw_html][\/vc_column_inner][\/vc_row_inner][\/vc_column][vc_column width=&#8221;1\/2&#8243;][vc_single_image img_size=&#8221;300&#215;300&#8243; css=&#8221;&#8221;][vc_single_image image=&#8221;926&#8243; css=&#8221;.vc_custom_1768987956298{margin-top: -75px !important;}&#8221; el_id=&#8221;image-svg&#8221;][vc_column_text css=&#8221;.vc_custom_1768996008651{margin-top: -15px !important;}&#8221; el_id=&#8221;faculty&#8221;]\n<h3 class=\"name\" title=\"Paulo de Sousa Mendes\">Pedro Madeira de Brito<\/h3>\n<h4 class=\"description\">Professor Associado<\/h4>\n<div class=\"body\">Direito do Trabalho<\/div>\n[\/vc_column_text][vc_row_inner css=&#8221;.vc_custom_1671721826024{margin-top: -25px !important;}&#8221;][vc_column_inner width=&#8221;1\/2&#8243;][vc_btn title=&#8221;BIO \/ CV&#8221; style=&#8221;outline&#8221; shape=&#8221;square&#8221; color=&#8221;danger&#8221; link=&#8221;url:https%3A%2F%2Fwww.iseg.ulisboa.pt%2Ffaculty%2Fricardo-belchior%2F&#8221;][\/vc_column_inner][vc_column_inner width=&#8221;1\/2&#8243; css=&#8221;.vc_custom_1671719221873{margin-left: -55px !important;padding-top: 10px !important;}&#8221;][vc_raw_html el_id=&#8221;email&#8221;]JTNDYSUyMGhyZWYlM0QlMjJtYWlsdG8lM0FyaWNhcmRvYmVsY2hpb3IlNDBpc2VnLnVsaXNib2EucHQlMjIlM0UlMEElM0NpbWclMjB3aWR0aCUzRCUyMjM2JTIyJTIwaGVpZ2h0JTNEJTIyMjQlMjIlMjBzcmMlM0QlMjIlMkZ3cC1jb250ZW50JTJGdXBsb2FkcyUyRjIwMjIlMkYxMiUyRmVtYWlsLnBuZyUyMiUyMGNsYXNzJTNEJTIydmNfc2luZ2xlX2ltYWdlLWltZyUyMGF0dGFjaG1lbnQtdGh1bWJuYWlsJTIyJTIwYWx0JTNEJTIyJTIyJTIwZGVjb2RpbmclM0QlMjJhc3luYyUyMiUyMGxvYWRpbmclM0QlMjJsYXp5JTIyJTNFJTBBJTNDJTJGYSUzRSUwQSUwQQ==[\/vc_raw_html][\/vc_column_inner][\/vc_row_inner][\/vc_column][\/vc_row][vc_row css=&#8221;.vc_custom_1671719428929{padding-top: 40px !important;}&#8221;][vc_column width=&#8221;1\/2&#8243; css=&#8221;.vc_custom_1671632254005{padding-left: 40px !important;}&#8221;][vc_single_image image=&#8221;928&#8243; img_size=&#8221;300&#215;300&#8243;][vc_single_image image=&#8221;926&#8243; css=&#8221;.vc_custom_1671729765786{margin-top: -75px !important;}&#8221; el_id=&#8221;image-svg&#8221;][vc_column_text css=&#8221;.vc_custom_1767865670075{margin-top: -15px !important;}&#8221; el_id=&#8221;faculty&#8221;]\n<h3 class=\"name\" title=\"Paulo de Sousa Mendes\">Vasco Pereira da Silva<\/h3>\n<h4 class=\"description\">Professor Catedr\u00e1tico<\/h4>\n<div class=\"body\">Direito do Ambiente<\/div>\n[\/vc_column_text][vc_row_inner][vc_column_inner width=&#8221;1\/2&#8243;][vc_btn title=&#8221;BIO \/ CV&#8221; style=&#8221;outline&#8221; shape=&#8221;square&#8221; color=&#8221;danger&#8221; link=&#8221;url:https%3A%2F%2Fwww.fd.ulisboa.pt%2Fprofessores%2Fcorpo-docente%2Fvasco-pereira-da-silva%2F&#8221;][\/vc_column_inner][vc_column_inner width=&#8221;1\/2&#8243; css=&#8221;.vc_custom_1671719221873{margin-left: -55px !important;padding-top: 10px !important;}&#8221;][vc_raw_html]JTNDYSUyMGhyZWYlM0QlMjJtYWlsdG8lM0F2YXNjbyU0MGZkLnVsaXNib2EucHQlMjIlM0UlMEElM0NpbWclMjB3aWR0aCUzRCUyMjM2JTIyJTIwaGVpZ2h0JTNEJTIyMjQlMjIlMjBzcmMlM0QlMjIlMkZ3cC1jb250ZW50JTJGdXBsb2FkcyUyRjIwMjIlMkYxMiUyRmVtYWlsLnBuZyUyMiUyMGNsYXNzJTNEJTIydmNfc2luZ2xlX2ltYWdlLWltZyUyMGF0dGFjaG1lbnQtdGh1bWJuYWlsJTIyJTIwYWx0JTNEJTIyJTIyJTIwZGVjb2RpbmclM0QlMjJhc3luYyUyMiUyMGxvYWRpbmclM0QlMjJsYXp5JTIyJTNFJTBBJTNDJTJGYSUzRQ==[\/vc_raw_html][\/vc_column_inner][\/vc_row_inner][\/vc_column][vc_column width=&#8221;1\/2&#8243;][\/vc_column][\/vc_row][vc_row][vc_column width=&#8221;1\/2&#8243;][vc_btn title=&#8221;PLANO CURRICULAR&#8221; style=&#8221;outline&#8221; shape=&#8221;square&#8221; color=&#8221;danger&#8221; link=&#8221;url:https%3A%2F%2Flawandmanagement.pt%2Fpt-pt%2Fprogramme%2F|title:PROGRAMME&#8221; el_id=&#8221;viewp&#8221;][\/vc_column][vc_column width=&#8221;1\/2&#8243;][vc_btn title=&#8221;CANDIDATURAS&#8221; style=&#8221;outline&#8221; shape=&#8221;square&#8221; color=&#8221;danger&#8221; link=&#8221;url:https%3A%2F%2Flawandmanagement.pt%2Fpt-pt%2Fapplications%2F|title:CANDIDATURAS&#8221;][\/vc_column][\/vc_row]\n<\/div>","protected":false},"excerpt":{"rendered":"<p>[vc_row][vc_column][vc_column_text css=&#8221;&#8221;] Docentes O Master in Law &amp; Management combina o prest\u00edgio hist\u00f3rico de duas faculdades de refer\u00eancia \u2013 a FDUL e o ISEG \u2013 com a contemporaneidade de parceiros de elite: numa estreita colabora\u00e7\u00e3o com os Coordenadores do Mestrado, estes criam casos pr\u00e1ticos que servem de base pedag\u00f3gica para todas as cadeiras do curso, integrando conhecimentos tanto de Direito &#8230; <a href=\"https:\/\/lawandmanagement.pt\/pt-pt\/faculty\/\" class=\"more-link\">Read More<\/a><\/p>\n","protected":false},"author":2,"featured_media":0,"parent":0,"menu_order":0,"comment_status":"closed","ping_status":"closed","template":"template-blank-4.php","meta":{"footnotes":""},"class_list":["post-963","page","type-page","status-publish","hentry","no-post-thumbnail"],"yoast_head":"<!-- This site is optimized with the Yoast SEO plugin v26.6 - https:\/\/yoast.com\/wordpress\/plugins\/seo\/ -->\n<title>DOCENTES - Master in Law &amp; Management<\/title>\n<meta name=\"robots\" content=\"index, follow, max-snippet:-1, max-image-preview:large, max-video-preview:-1\" \/>\n<link rel=\"canonical\" href=\"https:\/\/lawandmanagement.pt\/pt-pt\/faculty\/\" \/>\n<meta property=\"og:locale\" content=\"pt_PT\" \/>\n<meta property=\"og:type\" content=\"article\" \/>\n<meta property=\"og:title\" content=\"DOCENTES - Master in Law &amp; Management\" \/>\n<meta property=\"og:description\" content=\"[vc_row][vc_column][vc_column_text css=&#8221;&#8221;] Docentes O Master in Law &amp; Management combina o prest\u00edgio hist\u00f3rico de duas faculdades de refer\u00eancia \u2013 a FDUL e o ISEG \u2013 com a contemporaneidade de parceiros de elite: numa estreita colabora\u00e7\u00e3o com os Coordenadores do Mestrado, estes criam casos pr\u00e1ticos que servem de base pedag\u00f3gica para todas as cadeiras do curso, integrando conhecimentos tanto de Direito ... Read More\" \/>\n<meta property=\"og:url\" content=\"https:\/\/lawandmanagement.pt\/pt-pt\/faculty\/\" \/>\n<meta property=\"og:site_name\" content=\"Master in Law &amp; Management\" \/>\n<meta property=\"article:modified_time\" content=\"2026-01-21T11:47:37+00:00\" \/>\n<meta name=\"twitter:card\" content=\"summary_large_image\" \/>\n<meta name=\"twitter:label1\" content=\"Tempo estimado de leitura\" \/>\n\t<meta name=\"twitter:data1\" content=\"11 minutos\" \/>\n<script type=\"application\/ld+json\" class=\"yoast-schema-graph\">{\"@context\":\"https:\/\/schema.org\",\"@graph\":[{\"@type\":\"WebPage\",\"@id\":\"https:\/\/lawandmanagement.pt\/pt-pt\/faculty\/\",\"url\":\"https:\/\/lawandmanagement.pt\/pt-pt\/faculty\/\",\"name\":\"DOCENTES - Master in Law &amp; Management\",\"isPartOf\":{\"@id\":\"https:\/\/lawandmanagement.pt\/#website\"},\"datePublished\":\"2022-12-16T11:59:39+00:00\",\"dateModified\":\"2026-01-21T11:47:37+00:00\",\"breadcrumb\":{\"@id\":\"https:\/\/lawandmanagement.pt\/pt-pt\/faculty\/#breadcrumb\"},\"inLanguage\":\"pt-PT\",\"potentialAction\":[{\"@type\":\"ReadAction\",\"target\":[\"https:\/\/lawandmanagement.pt\/pt-pt\/faculty\/\"]}]},{\"@type\":\"BreadcrumbList\",\"@id\":\"https:\/\/lawandmanagement.pt\/pt-pt\/faculty\/#breadcrumb\",\"itemListElement\":[{\"@type\":\"ListItem\",\"position\":1,\"name\":\"Home\",\"item\":\"https:\/\/lawandmanagement.pt\/pt-pt\/\"},{\"@type\":\"ListItem\",\"position\":2,\"name\":\"DOCENTES\"}]},{\"@type\":\"WebSite\",\"@id\":\"https:\/\/lawandmanagement.pt\/#website\",\"url\":\"https:\/\/lawandmanagement.pt\/\",\"name\":\"Master in Law &amp; Management\",\"description\":\"The Faculty of Law of the University of Lisbon (FDUL) and the ISEG - Lisbon School of Economics &amp; Management (ISEG) created a new program, designed to respond to market demand for professionals with the capacity to address problems from an interdisciplinary perspective, combining the Law and Management: the Master in Law &amp; Management.\",\"publisher\":{\"@id\":\"https:\/\/lawandmanagement.pt\/#organization\"},\"potentialAction\":[{\"@type\":\"SearchAction\",\"target\":{\"@type\":\"EntryPoint\",\"urlTemplate\":\"https:\/\/lawandmanagement.pt\/?s={search_term_string}\"},\"query-input\":{\"@type\":\"PropertyValueSpecification\",\"valueRequired\":true,\"valueName\":\"search_term_string\"}}],\"inLanguage\":\"pt-PT\"},{\"@type\":\"Organization\",\"@id\":\"https:\/\/lawandmanagement.pt\/#organization\",\"name\":\"Master in Law &amp; Management\",\"url\":\"https:\/\/lawandmanagement.pt\/\",\"logo\":{\"@type\":\"ImageObject\",\"inLanguage\":\"pt-PT\",\"@id\":\"https:\/\/lawandmanagement.pt\/#\/schema\/logo\/image\/\",\"url\":\"https:\/\/lawandmanagement.pt\/wp-content\/uploads\/2022\/12\/logo_mestrado_dg_en.svg\",\"contentUrl\":\"https:\/\/lawandmanagement.pt\/wp-content\/uploads\/2022\/12\/logo_mestrado_dg_en.svg\",\"width\":336,\"height\":140,\"caption\":\"Master in Law &amp; Management\"},\"image\":{\"@id\":\"https:\/\/lawandmanagement.pt\/#\/schema\/logo\/image\/\"}}]}<\/script>\n<!-- \/ Yoast SEO plugin. -->","yoast_head_json":{"title":"DOCENTES - Master in Law &amp; Management","robots":{"index":"index","follow":"follow","max-snippet":"max-snippet:-1","max-image-preview":"max-image-preview:large","max-video-preview":"max-video-preview:-1"},"canonical":"https:\/\/lawandmanagement.pt\/pt-pt\/faculty\/","og_locale":"pt_PT","og_type":"article","og_title":"DOCENTES - Master in Law &amp; Management","og_description":"[vc_row][vc_column][vc_column_text css=&#8221;&#8221;] Docentes O Master in Law &amp; Management combina o prest\u00edgio hist\u00f3rico de duas faculdades de refer\u00eancia \u2013 a FDUL e o ISEG \u2013 com a contemporaneidade de parceiros de elite: numa estreita colabora\u00e7\u00e3o com os Coordenadores do Mestrado, estes criam casos pr\u00e1ticos que servem de base pedag\u00f3gica para todas as cadeiras do curso, integrando conhecimentos tanto de Direito ... Read More","og_url":"https:\/\/lawandmanagement.pt\/pt-pt\/faculty\/","og_site_name":"Master in Law &amp; Management","article_modified_time":"2026-01-21T11:47:37+00:00","twitter_card":"summary_large_image","twitter_misc":{"Tempo estimado de leitura":"11 minutos"},"schema":{"@context":"https:\/\/schema.org","@graph":[{"@type":"WebPage","@id":"https:\/\/lawandmanagement.pt\/pt-pt\/faculty\/","url":"https:\/\/lawandmanagement.pt\/pt-pt\/faculty\/","name":"DOCENTES - Master in Law &amp; Management","isPartOf":{"@id":"https:\/\/lawandmanagement.pt\/#website"},"datePublished":"2022-12-16T11:59:39+00:00","dateModified":"2026-01-21T11:47:37+00:00","breadcrumb":{"@id":"https:\/\/lawandmanagement.pt\/pt-pt\/faculty\/#breadcrumb"},"inLanguage":"pt-PT","potentialAction":[{"@type":"ReadAction","target":["https:\/\/lawandmanagement.pt\/pt-pt\/faculty\/"]}]},{"@type":"BreadcrumbList","@id":"https:\/\/lawandmanagement.pt\/pt-pt\/faculty\/#breadcrumb","itemListElement":[{"@type":"ListItem","position":1,"name":"Home","item":"https:\/\/lawandmanagement.pt\/pt-pt\/"},{"@type":"ListItem","position":2,"name":"DOCENTES"}]},{"@type":"WebSite","@id":"https:\/\/lawandmanagement.pt\/#website","url":"https:\/\/lawandmanagement.pt\/","name":"Master in Law &amp; Management","description":"The Faculty of Law of the University of Lisbon (FDUL) and the ISEG - Lisbon School of Economics &amp; Management (ISEG) created a new program, designed to respond to market demand for professionals with the capacity to address problems from an interdisciplinary perspective, combining the Law and Management: the Master in Law &amp; Management.","publisher":{"@id":"https:\/\/lawandmanagement.pt\/#organization"},"potentialAction":[{"@type":"SearchAction","target":{"@type":"EntryPoint","urlTemplate":"https:\/\/lawandmanagement.pt\/?s={search_term_string}"},"query-input":{"@type":"PropertyValueSpecification","valueRequired":true,"valueName":"search_term_string"}}],"inLanguage":"pt-PT"},{"@type":"Organization","@id":"https:\/\/lawandmanagement.pt\/#organization","name":"Master in Law &amp; Management","url":"https:\/\/lawandmanagement.pt\/","logo":{"@type":"ImageObject","inLanguage":"pt-PT","@id":"https:\/\/lawandmanagement.pt\/#\/schema\/logo\/image\/","url":"https:\/\/lawandmanagement.pt\/wp-content\/uploads\/2022\/12\/logo_mestrado_dg_en.svg","contentUrl":"https:\/\/lawandmanagement.pt\/wp-content\/uploads\/2022\/12\/logo_mestrado_dg_en.svg","width":336,"height":140,"caption":"Master in Law &amp; Management"},"image":{"@id":"https:\/\/lawandmanagement.pt\/#\/schema\/logo\/image\/"}}]}},"_links":{"self":[{"href":"https:\/\/lawandmanagement.pt\/pt-pt\/wp-json\/wp\/v2\/pages\/963","targetHints":{"allow":["GET"]}}],"collection":[{"href":"https:\/\/lawandmanagement.pt\/pt-pt\/wp-json\/wp\/v2\/pages"}],"about":[{"href":"https:\/\/lawandmanagement.pt\/pt-pt\/wp-json\/wp\/v2\/types\/page"}],"author":[{"embeddable":true,"href":"https:\/\/lawandmanagement.pt\/pt-pt\/wp-json\/wp\/v2\/users\/2"}],"replies":[{"embeddable":true,"href":"https:\/\/lawandmanagement.pt\/pt-pt\/wp-json\/wp\/v2\/comments?post=963"}],"version-history":[{"count":109,"href":"https:\/\/lawandmanagement.pt\/pt-pt\/wp-json\/wp\/v2\/pages\/963\/revisions"}],"predecessor-version":[{"id":2612,"href":"https:\/\/lawandmanagement.pt\/pt-pt\/wp-json\/wp\/v2\/pages\/963\/revisions\/2612"}],"wp:attachment":[{"href":"https:\/\/lawandmanagement.pt\/pt-pt\/wp-json\/wp\/v2\/media?parent=963"}],"curies":[{"name":"wp","href":"https:\/\/api.w.org\/{rel}","templated":true}]}}