{"id":960,"date":"2022-12-20T10:54:24","date_gmt":"2022-12-20T10:54:24","guid":{"rendered":"https:\/\/lawandmanagement.pt\/applications\/"},"modified":"2026-04-22T10:52:26","modified_gmt":"2026-04-22T10:52:26","slug":"applications","status":"publish","type":"page","link":"https:\/\/lawandmanagement.pt\/pt-pt\/applications\/","title":{"rendered":"CANDIDATURAS"},"content":{"rendered":"<div class=\"wpb-content-wrapper\">[vc_row][vc_column][vc_column_text el_id=&#8221;title&#8221;]Candidaturas[\/vc_column_text][vc_column_text css=&#8221;&#8221;]<strong>Fase 1<\/strong>: de 12 de Janeiro de 2026 a 28 de Fevereiro de 2026. Sele\u00e7\u00e3o dos candidatos comunicada at\u00e9 ao dia 30 de Mar\u00e7o de 2026;<\/p>\n<p><strong>Fase 2<\/strong>: de 1 de Mar\u00e7o de 2026 a 30 de Abril de 2026. Sele\u00e7\u00e3o dos candidatos comunicada at\u00e9 ao dia 30 de Maio de 2026;<\/p>\n<p><strong>Fase 3 (Condicional)<\/strong>: de 1 a 14 de Junho de 2026.[\/vc_column_text]\n[vc_btn title=&#8221;CANDIDATAR-SE AGORA!&#8221; link=&#8221;url:https%3A%2F%2Ffenix.fd.ulisboa.pt%2FaccountCreation|target:_blank&#8221; el_id=&#8221;button1&#8243;]\n[vc_tta_accordion style=&#8221;modern&#8221; color=&#8221;white&#8221; c_icon=&#8221;chevron&#8221; c_position=&#8221;right&#8221; active_section=&#8221;none&#8221; no_fill=&#8221;true&#8221; collapsible_all=&#8221;true&#8221; el_id=&#8221;accordion&#8221;][vc_tta_section title=&#8221;Propinas &amp; outros custos&#8221; tab_id=&#8221;1671533695904-1c10ad5c-67bc&#8221;][vc_column_text el_id=&#8221;text&#8221;]\n<p style=\"margin-bottom: 0px;\">PROPINAS<\/p>\n<ul>\n<li>Relativas ao 1.\u00ba e 2.\u00ba semestres (total parte curricular): \u20ac 4.000<\/li>\n<li>Relativas ao 3.\u00ba semestre (trabalho final de mestrado): \u20ac 2.800<\/li>\n<\/ul>\n<h6><\/h6>\n<p style=\"margin-bottom: 0px;\">TAXAS E ENCARGOS:<\/p>\n<ul>\n<li>Taxa de candidatura (n\u00e3o reembols\u00e1vel): \u20ac 150<\/li>\n<li>Taxa de matr\u00edcula: \u20ac 100<\/li>\n<li>Seguro escolar: \u20ac 2.10<\/li>\n<\/ul>\n<p><a href=\"https:\/\/lawandmanagement.pt\/wp-content\/uploads\/2025\/01\/Law-and-Management-Taxas-e-Emolumentos-2.pdf\" target=\"_blank\" rel=\"noopener\"><strong>LAW &amp; MANAGEMENT &#8211; LISTA COMPLETA DE TAXAS E EMOLUMENTOS &#8211; Clique aqui<\/strong><\/a><\/p>\n[\/vc_column_text][\/vc_tta_section][vc_tta_section title=&#8221;Condi\u00e7\u00f5es de acesso e requisitos&#8221; tab_id=&#8221;1671533695911-cb9b0129-06b7&#8243;][vc_column_text el_id=&#8221;text&#8221;]<strong>1.<\/strong>\u00a0Podem candidatar -se ao curso:<\/p>\n<p>a) Os titulares de grau de licenciado em Direito, Gest\u00e3o, Economia ou Finan\u00e7as;<br \/>\nb) Os titulares de grau acad\u00e9mico superior estrangeiro em Direito, Gest\u00e3o, Economia ou Finan\u00e7as, conferido na sequ\u00eancia de um primeiro ciclo de estudos organizado de acordo com os princ\u00edpios do Processo de Bolonha por um Estado aderente a este Processo;<br \/>\nc) Os titulares de grau acad\u00e9mico superior estrangeiro em Direito, Gest\u00e3o, Economia ou Finan\u00e7as que seja reconhecido como satisfazendo os objetivos do grau de licenciado pelos Conselhos Cient\u00edficos da FDUL ou do ISEG;<br \/>\nd) A t\u00edtulo excecional, os detentores de um curr\u00edculo escolar, cient\u00edfico ou profissional que seja reconhecido como atestando capacidade para a realiza\u00e7\u00e3o do Mestrado pelos \u00f3rg\u00e3os mencionados na al\u00ednea anterior;<br \/>\ne) Titulares de outras licenciaturas, para al\u00e9m referidas, a t\u00edtulo excecional e em casos devidamente justificados, desde que demonstrem uma adequada prepara\u00e7\u00e3o cient\u00edfica para a realiza\u00e7\u00e3o deste curso, aferida pelos Coordenadores Cient\u00edficos;<\/p>\n<p class=\"ql-align-justify\"><strong>2<\/strong>. S\u00e3o admitidas as matr\u00edculas no curso sob condi\u00e7\u00e3o da conclus\u00e3o da licenciatura at\u00e9 \u00e0 data prevista para o in\u00edcio das aulas do curso.<\/p>\n[\/vc_column_text][\/vc_tta_section][vc_tta_section title=&#8221;Documentos necess\u00e1rios&#8221; tab_id=&#8221;1671533883345-23fc8c4a-62f8&#8243;][vc_column_text el_id=&#8221;text&#8221;]\n<p class=\"ql-align-justify\">a) Carta de motiva\u00e7\u00e3o em ingl\u00eas (uma p\u00e1gina);<br \/>\nb)\u00a0<em>Curriculum vitae<\/em>;<br \/>\nc) Duas cartas de recomenda\u00e7\u00e3o;<br \/>\nd) Certificado de profici\u00eancia em ingl\u00eas:<\/p>\n<ul>\n<li>IELTS (Academic): pontua\u00e7\u00e3o global m\u00ednima de 7, com nenhuma componente inferior a 6,5; ou<\/li>\n<li>TOEFL iBT: pontua\u00e7\u00e3o m\u00ednima de 95;<\/li>\n<li>Qualifica\u00e7\u00f5es equivalentes poder\u00e3o ser consideradas.<\/li>\n<\/ul>\n<p class=\"ql-align-justify\">e) Cart\u00e3o de cidad\u00e3o ou bilhete de identidade<sup>1<\/sup>\u00a0ou, no caso de cidad\u00e3os estrangeiros, passaporte;<br \/>\nf) Fotografia tipo passe;<br \/>\ng) Certid\u00e3o de conclus\u00e3o de licenciatura, com m\u00e9dia final de curso e disciplinas discriminadas, ou certificado de aproveitamento, com discrimina\u00e7\u00e3o das cadeiras aprovadas e das respetivas notas, caso ainda n\u00e3o tenha terminado a licenciatura;<br \/>\nh)\u00a0Certid\u00e3o de conclus\u00e3o do mestrado, com nota final e disciplinas discriminadas (se aplic\u00e1vel);<br \/>\ni)\u00a0Certid\u00e3o de conclus\u00e3o de cursos de p\u00f3s-gradua\u00e7\u00e3o (se aplic\u00e1vel);<br \/>\nj)\u00a0Liga\u00e7\u00e3o \u00e0 p\u00e1gina eletr\u00f3nica da editora, do jornal, ou da revista onde foram publicados os livros ou os artigos cient\u00edficos da autoria do candidato\u00a0(se aplic\u00e1vel), podendo esta informa\u00e7\u00e3o ser inserida no\u00a0<em>curriculum vitae.<\/em><\/p>\n<p class=\"ql-align-justify\"><sup>(1)<\/sup>\u00a0Mediante autoriza\u00e7\u00e3o do candidato, sendo opcional o carregamento deste ficheiro no portal de candidaturas F\u00e9nix.<\/p>\n<p>&nbsp;<\/p>\n<p>OBSERVA\u00c7\u00d5ES<\/p>\n<ul>\n<li>As c\u00f3pias dos documentos referidos na al\u00ednea g) dever\u00e3o estar devidamente autenticadas.<\/li>\n<li>Sendo emitidos no estrangeiro, os documentos referidos na al\u00ednea g) devem ser legalizados pelo Consulado Portugu\u00eas do pa\u00eds onde foi realizado o curso ou apostilado nos termos da Conven\u00e7\u00e3o de Haia.<\/li>\n<li class=\"ql-align-justify\">Os originais ou c\u00f3pias autenticadas dos\u00a0documentos\u00a0submetidos atrav\u00e9s do Portal de Candidaturas dever\u00e3o ser entregues na Divis\u00e3o Acad\u00e9mica da FDUL, ou enviados via correio postal, at\u00e9 ao dia 15 de outubro\u00a0do respetivo ano letivo, caso o candidato fique colocado e proceda \u00e0 inscri\u00e7\u00e3o no curso.<\/li>\n<li class=\"ql-align-justify\">O n\u00e3o envio da documenta\u00e7\u00e3o ou informa\u00e7\u00e3o referidas supra nas al\u00edneas c) e d) determina a desconsidera\u00e7\u00e3o destes elementos no processo de seria\u00e7\u00e3o dos candidatos.<\/li>\n<li class=\"ql-align-justify\">A apresenta\u00e7\u00e3o de documentos acad\u00e9micos cuja informa\u00e7\u00e3o n\u00e3o seja verdadeira \u00e9 punida nos termos da lei.<\/li>\n<\/ul>\n[\/vc_column_text][\/vc_tta_section][vc_tta_section title=&#8221;Portal de candidaturas&#8221; tab_id=&#8221;1671533884650-c4377db4-2999&#8243;][vc_column_text el_id=&#8221;text&#8221;]A candidatura \u00e9 realizada exclusivamente atrav\u00e9s da plataforma de candidaturas F\u00e9nixEdu, \u00e0 qual pode aceder atrav\u00e9s\u00a0<span style=\"color: #0091ff;\"><a style=\"color: #0091ff;\" href=\"https:\/\/fenix.fd.ulisboa.pt\/accountCreation#!accountCreation\/$timestamp$=1616760682499\/_qcheck=a45f7ce706ba9dfdfc08a3e91d5f2d0a569d2930\" target=\"_blank\" rel=\"noopener noreferrer\"><strong>deste link.<\/strong><\/a><\/span>.<\/p>\n<p>Consulte este breve v\u00eddeo para ver como realizar a sua candidatura atrav\u00e9s da plataforma F\u00e9nixEdu:[\/vc_column_text][vc_video link=&#8221;https:\/\/youtu.be\/1M7Fl8tEG68&#8243; el_width=&#8221;40&#8243;][vc_column_text el_id=&#8221;text&#8221;]Em caso de d\u00favidas na submiss\u00e3o da candidatura, n\u00e3o hesite em contactar a Divis\u00e3o Acad\u00e9mica da FDUL atrav\u00e9s do endere\u00e7o de email lawandmanagement@fd.ulisboa.pt.<\/p>\n<p>OBSERVA\u00c7\u00d5ES<\/p>\n<ul>\n<li>As candidaturas apenas ser\u00e3o analisadas ap\u00f3s o pagamento da taxa de candidatura.<\/li>\n<li>A Divis\u00e3o Acad\u00e9mica da FDUL contactar\u00e1 o candidato via e-mail (i) caso a candidatura apresente alguma irregularidade ou (ii) se a mesma estiver corretamente instru\u00edda.<\/li>\n<li>Ap\u00f3s a conclus\u00e3o do processo de seria\u00e7\u00e3o, os candidatos ser\u00e3o informados por e-mail do resultado final da candidatura.<\/li>\n<li>A lista de seria\u00e7\u00e3o ser\u00e1 posteriormente publicada na p\u00e1gina do mestrado.<\/li>\n<li>Em caso de admiss\u00e3o, a matr\u00edcula ficar\u00e1 condicionada \u00e0 apresenta\u00e7\u00e3o na Divis\u00e3o Acad\u00e9mica dos originais (ou c\u00f3pias autenticadas) dos documentos submetidos na plataforma de candidatura, at\u00e9 ao dia 15 de outubro do respetivo ano letivo.<\/li>\n<li class=\"ql-align-justify\">Com a confirma\u00e7\u00e3o da inscri\u00e7\u00e3o, cada aluno recebe automaticamente um email institucional (exemplo@campus.ul.pt), sendo este o meio oficial para envio de notifica\u00e7\u00f5es sobre o Mestrado. O aluno poder\u00e1 ter acesso a este email atrav\u00e9s do Webmail da UL [colocar link\/instru\u00e7\u00f5es para a plataforma] ou atrav\u00e9s da configura\u00e7\u00e3o para recep\u00e7\u00e3o noutras plataformas, tal como o Gmail.<\/li>\n<\/ul>\n[\/vc_column_text][\/vc_tta_section][\/vc_tta_accordion][vc_column_text css=&#8221;.vc_custom_1672939291434{padding-top: 20px !important;}&#8221; el_id=&#8221;related&#8221;]\n<div class=\"name \">DOCUMENTOS RELACIONADOS<\/div>\n[\/vc_column_text][vc_column_text el_id=&#8221;related1&#8243;]\n<div class=\"body \">\n<ul>\n<li style=\"list-style-type: none;\">\n<ul>\n<li><a href=\"https:\/\/lawandmanagement.pt\/wp-content\/uploads\/2023\/01\/Regulamento-LawManagement-DRE-2.pdf\" target=\"_blank\" rel=\"noopener noreferrer\">Regulamento do Mestrado<\/a><\/li>\n<li><a href=\"https:\/\/www.a3es.pt\/pt\/resultados-acreditacao\/direito-e-gestao-4\" target=\"_blank\" rel=\"noopener noreferrer\">Acredita\u00e7\u00e3o A3ES do Mestrado<\/a><\/li>\n<li><a href=\"https:\/\/lawandmanagement.pt\/wp-content\/uploads\/2024\/11\/Guia-de-Boas-Praticas-MDG-2024-20225.pdf\" target=\"_blank\" rel=\"noopener\">Guia de Boas Pr\u00e1ticas MDG 2024-2025<\/a><\/li>\n<li><a href=\"https:\/\/lawandmanagement.pt\/wp-content\/uploads\/2026\/03\/Despacho-Abertura-Candidaturas-PT-Assinado.pdf\" target=\"_blank\" rel=\"noopener noreferrer\">Edital de Abertura de Candidaturas<\/a><\/li>\n<\/ul>\n<\/li>\n<\/ul>\n<\/div>\n[\/vc_column_text][vc_btn title=&#8221;CONTACTOS&#8221; css=&#8221;.vc_custom_1674227402537{padding-top: 20px !important;padding-bottom: 80px !important;}&#8221; link=&#8221;url:https%3A%2F%2Flawandmanagement.pt%2Fpt-pt%2Fcontactos%2F|title:CONTACTS&#8221; el_id=&#8221;button2&#8243;][\/vc_column][\/vc_row]\n<\/div>","protected":false},"excerpt":{"rendered":"<p>[vc_row][vc_column][vc_column_text el_id=&#8221;title&#8221;]Candidaturas[\/vc_column_text][vc_column_text css=&#8221;&#8221;]Fase 1: de 12 de Janeiro de 2026 a 28 de Fevereiro de 2026. Sele\u00e7\u00e3o dos candidatos comunicada at\u00e9 ao dia 30 de Mar\u00e7o de 2026; Fase 2: de 1 de Mar\u00e7o de 2026 a 30 de Abril de 2026. Sele\u00e7\u00e3o dos candidatos comunicada at\u00e9 ao dia 30 de Maio de 2026; Fase 3 (Condicional): de 1 a &#8230; <a href=\"https:\/\/lawandmanagement.pt\/pt-pt\/applications\/\" class=\"more-link\">Read More<\/a><\/p>\n","protected":false},"author":2,"featured_media":0,"parent":0,"menu_order":0,"comment_status":"closed","ping_status":"closed","template":"template-blank-4.php","meta":{"footnotes":""},"class_list":["post-960","page","type-page","status-publish","hentry","no-post-thumbnail"],"yoast_head":"<!-- This site is optimized with the Yoast SEO plugin v26.6 - https:\/\/yoast.com\/wordpress\/plugins\/seo\/ -->\n<title>CANDIDATURAS - Master in Law &amp; Management<\/title>\n<meta name=\"robots\" content=\"index, follow, max-snippet:-1, max-image-preview:large, max-video-preview:-1\" \/>\n<link rel=\"canonical\" href=\"https:\/\/lawandmanagement.pt\/pt-pt\/applications\/\" \/>\n<meta property=\"og:locale\" content=\"pt_PT\" \/>\n<meta property=\"og:type\" content=\"article\" \/>\n<meta property=\"og:title\" content=\"CANDIDATURAS - Master in Law &amp; Management\" \/>\n<meta property=\"og:description\" content=\"[vc_row][vc_column][vc_column_text el_id=&#8221;title&#8221;]Candidaturas[\/vc_column_text][vc_column_text css=&#8221;&#8221;]Fase 1: de 12 de Janeiro de 2026 a 28 de Fevereiro de 2026. Sele\u00e7\u00e3o dos candidatos comunicada at\u00e9 ao dia 30 de Mar\u00e7o de 2026; Fase 2: de 1 de Mar\u00e7o de 2026 a 30 de Abril de 2026. Sele\u00e7\u00e3o dos candidatos comunicada at\u00e9 ao dia 30 de Maio de 2026; Fase 3 (Condicional): de 1 a ... Read More\" \/>\n<meta property=\"og:url\" content=\"https:\/\/lawandmanagement.pt\/pt-pt\/applications\/\" \/>\n<meta property=\"og:site_name\" content=\"Master in Law &amp; Management\" \/>\n<meta property=\"article:modified_time\" content=\"2026-04-22T10:52:26+00:00\" \/>\n<meta name=\"twitter:card\" content=\"summary_large_image\" \/>\n<meta name=\"twitter:label1\" content=\"Tempo estimado de leitura\" \/>\n\t<meta name=\"twitter:data1\" content=\"4 minutos\" \/>\n<script type=\"application\/ld+json\" class=\"yoast-schema-graph\">{\"@context\":\"https:\/\/schema.org\",\"@graph\":[{\"@type\":\"WebPage\",\"@id\":\"https:\/\/lawandmanagement.pt\/pt-pt\/applications\/\",\"url\":\"https:\/\/lawandmanagement.pt\/pt-pt\/applications\/\",\"name\":\"CANDIDATURAS - Master in Law &amp; Management\",\"isPartOf\":{\"@id\":\"https:\/\/lawandmanagement.pt\/#website\"},\"datePublished\":\"2022-12-20T10:54:24+00:00\",\"dateModified\":\"2026-04-22T10:52:26+00:00\",\"breadcrumb\":{\"@id\":\"https:\/\/lawandmanagement.pt\/pt-pt\/applications\/#breadcrumb\"},\"inLanguage\":\"pt-PT\",\"potentialAction\":[{\"@type\":\"ReadAction\",\"target\":[\"https:\/\/lawandmanagement.pt\/pt-pt\/applications\/\"]}]},{\"@type\":\"BreadcrumbList\",\"@id\":\"https:\/\/lawandmanagement.pt\/pt-pt\/applications\/#breadcrumb\",\"itemListElement\":[{\"@type\":\"ListItem\",\"position\":1,\"name\":\"Home\",\"item\":\"https:\/\/lawandmanagement.pt\/pt-pt\/\"},{\"@type\":\"ListItem\",\"position\":2,\"name\":\"CANDIDATURAS\"}]},{\"@type\":\"WebSite\",\"@id\":\"https:\/\/lawandmanagement.pt\/#website\",\"url\":\"https:\/\/lawandmanagement.pt\/\",\"name\":\"Master in Law &amp; Management\",\"description\":\"The Faculty of Law of the University of Lisbon (FDUL) and the ISEG - Lisbon School of Economics &amp; Management (ISEG) created a new program, designed to respond to market demand for professionals with the capacity to address problems from an interdisciplinary perspective, combining the Law and Management: the Master in Law &amp; Management.\",\"publisher\":{\"@id\":\"https:\/\/lawandmanagement.pt\/#organization\"},\"potentialAction\":[{\"@type\":\"SearchAction\",\"target\":{\"@type\":\"EntryPoint\",\"urlTemplate\":\"https:\/\/lawandmanagement.pt\/?s={search_term_string}\"},\"query-input\":{\"@type\":\"PropertyValueSpecification\",\"valueRequired\":true,\"valueName\":\"search_term_string\"}}],\"inLanguage\":\"pt-PT\"},{\"@type\":\"Organization\",\"@id\":\"https:\/\/lawandmanagement.pt\/#organization\",\"name\":\"Master in Law &amp; Management\",\"url\":\"https:\/\/lawandmanagement.pt\/\",\"logo\":{\"@type\":\"ImageObject\",\"inLanguage\":\"pt-PT\",\"@id\":\"https:\/\/lawandmanagement.pt\/#\/schema\/logo\/image\/\",\"url\":\"https:\/\/lawandmanagement.pt\/wp-content\/uploads\/2022\/12\/logo_mestrado_dg_en.svg\",\"contentUrl\":\"https:\/\/lawandmanagement.pt\/wp-content\/uploads\/2022\/12\/logo_mestrado_dg_en.svg\",\"width\":336,\"height\":140,\"caption\":\"Master in Law &amp; Management\"},\"image\":{\"@id\":\"https:\/\/lawandmanagement.pt\/#\/schema\/logo\/image\/\"}}]}<\/script>\n<!-- \/ Yoast SEO plugin. -->","yoast_head_json":{"title":"CANDIDATURAS - Master in Law &amp; Management","robots":{"index":"index","follow":"follow","max-snippet":"max-snippet:-1","max-image-preview":"max-image-preview:large","max-video-preview":"max-video-preview:-1"},"canonical":"https:\/\/lawandmanagement.pt\/pt-pt\/applications\/","og_locale":"pt_PT","og_type":"article","og_title":"CANDIDATURAS - Master in Law &amp; Management","og_description":"[vc_row][vc_column][vc_column_text el_id=&#8221;title&#8221;]Candidaturas[\/vc_column_text][vc_column_text css=&#8221;&#8221;]Fase 1: de 12 de Janeiro de 2026 a 28 de Fevereiro de 2026. Sele\u00e7\u00e3o dos candidatos comunicada at\u00e9 ao dia 30 de Mar\u00e7o de 2026; Fase 2: de 1 de Mar\u00e7o de 2026 a 30 de Abril de 2026. Sele\u00e7\u00e3o dos candidatos comunicada at\u00e9 ao dia 30 de Maio de 2026; Fase 3 (Condicional): de 1 a ... Read More","og_url":"https:\/\/lawandmanagement.pt\/pt-pt\/applications\/","og_site_name":"Master in Law &amp; Management","article_modified_time":"2026-04-22T10:52:26+00:00","twitter_card":"summary_large_image","twitter_misc":{"Tempo estimado de leitura":"4 minutos"},"schema":{"@context":"https:\/\/schema.org","@graph":[{"@type":"WebPage","@id":"https:\/\/lawandmanagement.pt\/pt-pt\/applications\/","url":"https:\/\/lawandmanagement.pt\/pt-pt\/applications\/","name":"CANDIDATURAS - Master in Law &amp; Management","isPartOf":{"@id":"https:\/\/lawandmanagement.pt\/#website"},"datePublished":"2022-12-20T10:54:24+00:00","dateModified":"2026-04-22T10:52:26+00:00","breadcrumb":{"@id":"https:\/\/lawandmanagement.pt\/pt-pt\/applications\/#breadcrumb"},"inLanguage":"pt-PT","potentialAction":[{"@type":"ReadAction","target":["https:\/\/lawandmanagement.pt\/pt-pt\/applications\/"]}]},{"@type":"BreadcrumbList","@id":"https:\/\/lawandmanagement.pt\/pt-pt\/applications\/#breadcrumb","itemListElement":[{"@type":"ListItem","position":1,"name":"Home","item":"https:\/\/lawandmanagement.pt\/pt-pt\/"},{"@type":"ListItem","position":2,"name":"CANDIDATURAS"}]},{"@type":"WebSite","@id":"https:\/\/lawandmanagement.pt\/#website","url":"https:\/\/lawandmanagement.pt\/","name":"Master in Law &amp; Management","description":"The Faculty of Law of the University of Lisbon (FDUL) and the ISEG - Lisbon School of Economics &amp; Management (ISEG) created a new program, designed to respond to market demand for professionals with the capacity to address problems from an interdisciplinary perspective, combining the Law and Management: the Master in Law &amp; Management.","publisher":{"@id":"https:\/\/lawandmanagement.pt\/#organization"},"potentialAction":[{"@type":"SearchAction","target":{"@type":"EntryPoint","urlTemplate":"https:\/\/lawandmanagement.pt\/?s={search_term_string}"},"query-input":{"@type":"PropertyValueSpecification","valueRequired":true,"valueName":"search_term_string"}}],"inLanguage":"pt-PT"},{"@type":"Organization","@id":"https:\/\/lawandmanagement.pt\/#organization","name":"Master in Law &amp; Management","url":"https:\/\/lawandmanagement.pt\/","logo":{"@type":"ImageObject","inLanguage":"pt-PT","@id":"https:\/\/lawandmanagement.pt\/#\/schema\/logo\/image\/","url":"https:\/\/lawandmanagement.pt\/wp-content\/uploads\/2022\/12\/logo_mestrado_dg_en.svg","contentUrl":"https:\/\/lawandmanagement.pt\/wp-content\/uploads\/2022\/12\/logo_mestrado_dg_en.svg","width":336,"height":140,"caption":"Master in Law &amp; Management"},"image":{"@id":"https:\/\/lawandmanagement.pt\/#\/schema\/logo\/image\/"}}]}},"_links":{"self":[{"href":"https:\/\/lawandmanagement.pt\/pt-pt\/wp-json\/wp\/v2\/pages\/960","targetHints":{"allow":["GET"]}}],"collection":[{"href":"https:\/\/lawandmanagement.pt\/pt-pt\/wp-json\/wp\/v2\/pages"}],"about":[{"href":"https:\/\/lawandmanagement.pt\/pt-pt\/wp-json\/wp\/v2\/types\/page"}],"author":[{"embeddable":true,"href":"https:\/\/lawandmanagement.pt\/pt-pt\/wp-json\/wp\/v2\/users\/2"}],"replies":[{"embeddable":true,"href":"https:\/\/lawandmanagement.pt\/pt-pt\/wp-json\/wp\/v2\/comments?post=960"}],"version-history":[{"count":43,"href":"https:\/\/lawandmanagement.pt\/pt-pt\/wp-json\/wp\/v2\/pages\/960\/revisions"}],"predecessor-version":[{"id":2726,"href":"https:\/\/lawandmanagement.pt\/pt-pt\/wp-json\/wp\/v2\/pages\/960\/revisions\/2726"}],"wp:attachment":[{"href":"https:\/\/lawandmanagement.pt\/pt-pt\/wp-json\/wp\/v2\/media?parent=960"}],"curies":[{"name":"wp","href":"https:\/\/api.w.org\/{rel}","templated":true}]}}