{"id":959,"date":"2022-12-16T11:42:09","date_gmt":"2022-12-16T11:42:09","guid":{"rendered":"https:\/\/lawandmanagement.pt\/programme\/"},"modified":"2026-04-16T16:58:09","modified_gmt":"2026-04-16T16:58:09","slug":"programme","status":"publish","type":"page","link":"https:\/\/lawandmanagement.pt\/pt-pt\/programme\/","title":{"rendered":"PLANO CURRICULAR"},"content":{"rendered":"<div class=\"wpb-content-wrapper\">[vc_row][vc_column][vc_column_text el_id=&#8221;title&#8221;]Plano Curricular[\/vc_column_text][vc_column_text css=&#8221;&#8221; el_id=&#8221;text&#8221;]O Master in Law &amp; Management oferece um m\u00e9todo de ensino diferenciado, assente numa l\u00f3gica modular que incentiva os estudantes a concentrarem-se em cada cadeira de cada vez. Os nossos alunos devem preparar-se para que esta abordagem seja t\u00e3o inovadora quanto intensiva.<\/p>\n<p>Os casos pr\u00e1ticos s\u00e3o desenvolvidos pelos Coordenadores e <a class=\"link-a\" href=\"https:\/\/lawandmanagement.pt\/pt-pt\/faculty\/\"><strong>Professores <\/strong><\/a>do Mestrado, com a participa\u00e7\u00e3o de advogados e gestores especialistas das\u00a0<a class=\"link-a\" href=\"https:\/\/lawandmanagement.pt\/pt-pt\/parcerias\/\"><strong>firmas de elite<\/strong><\/a>\u00a0que se associaram a n\u00f3s.<\/p>\n<p>O plano de estudos do Mestrado corresponde a 90 cr\u00e9ditos ECTS\u00b9, com a dura\u00e7\u00e3o de tr\u00eas semestres (30 cr\u00e9ditos ECTS cada). O primeiro semestre \u00e9 lecionado na <strong>FDUL<\/strong> (Setembro de 2026 a Janeiro de 2027) e o segundo no <strong>ISEG<\/strong> (Fevereiro a Junho de 2027), proporcionando uma experi\u00eancia diversa e enriquecedora aos nossos alunos. Durante o primeiro e segundo semestres, cada cadeira \u00e9 estruturada em duas semanas de aulas e uma semana final de avalia\u00e7\u00e3o. No terceiro semestre, os alunos elaboram um trabalho final de mestrado que tanto pode ser um projecto como uma disserta\u00e7\u00e3o cient\u00edfica.[\/vc_column_text][vc_tta_accordion style=&#8221;modern&#8221; color=&#8221;white&#8221; c_icon=&#8221;chevron&#8221; c_position=&#8221;right&#8221; active_section=&#8221;none&#8221; no_fill=&#8221;true&#8221; collapsible_all=&#8221;true&#8221; el_id=&#8221;accordion&#8221;][vc_tta_section title=&#8221;1\u00ba Semestre&#8221; tab_id=&#8221;1671533695904-1c10ad5c-67bc&#8221;][vc_column_text el_id=&#8221;text&#8221;]30 ECTS<br \/>\nATIVIDADE\u00b2<\/p>\n<p>UNIDADES CURRICULARES OBRIGAT\u00d3RIAS<\/p>\n\n<table id=\"tablepress-2\" class=\"tablepress tablepress-id-2\">\n<tbody class=\"row-striping row-hover\">\n<tr class=\"row-1\">\n\t<td class=\"column-1\">Direito Societ\u00e1rio e Responsabilidade - Parceria com <a href=\"https:\/\/www.vda.pt\/pt\/\"><img loading=\"lazy\" decoding=\"async\" src=\"https:\/\/lawandmanagement.pt\/wp-content\/uploads\/2022\/12\/VdA-Logo-II.png\" alt=\"\" width=\"50\" height=\"15\" class=\"alignnone size-full wp-image-114\" \/><\/a> - Vieira de Almeida &amp; Associados<\/td><td class=\"column-2\">40H<\/td><td class=\"column-3\"><a href=\"https:\/\/lawandmanagement.pt\/wp-content\/uploads\/2024\/07\/Corporate-Law-and-Liability-Syllabus-Modelo-ISEG.pdf\" rel=\"noopener\" target=\"_blank\">Programa<\/a><\/td>\n<\/tr>\n<tr class=\"row-2\">\n\t<td class=\"column-1\">Tributa\u00e7\u00e3o de Empresas<\/td><td class=\"column-2\">40H<\/td><td class=\"column-3\"><a href=\"https:\/\/lawandmanagement.pt\/wp-content\/uploads\/2026\/03\/Corporate-Taxation-Syllabus-Modelo-ISEG-2.pdf\" rel=\"noopener\" target=\"_blank\">Programa<\/a><\/td>\n<\/tr>\n<tr class=\"row-3\">\n\t<td class=\"column-1\">Direito do Trabalho <\/td><td class=\"column-2\">40H<\/td><td class=\"column-3\"><a href=\"https:\/\/lawandmanagement.pt\/wp-content\/uploads\/2025\/07\/Labour-Law-Syllabus-Modelo-ISEG.pdf\" rel=\"noopener\" target=\"_blank\">Programa<\/a><\/td>\n<\/tr>\n<tr class=\"row-4\">\n\t<td class=\"column-1\">Direito dos Contratos<\/td><td class=\"column-2\">40H<\/td><td class=\"column-3\"><a href=\"https:\/\/lawandmanagement.pt\/wp-content\/uploads\/2026\/03\/Contracts-Syllabus-Modelo-ISEG-1.pdf\" rel=\"noopener\" target=\"_blank\">Programa<\/a><\/td>\n<\/tr>\n<tr class=\"row-5\">\n\t<td class=\"column-1\">Direito Sancionat\u00f3rio P\u00fablico e Compliance<\/td><td class=\"column-2\">40H<\/td><td class=\"column-3\"><a href=\"https:\/\/lawandmanagement.pt\/wp-content\/uploads\/2026\/03\/Public-Sanctioning-Law-and-Compliance-Syllabus-Modelo-ISEG-2.pdf\" rel=\"noopener\" target=\"_blank\">Programa<\/a><\/td>\n<\/tr>\n<\/tbody>\n<\/table>\n<!-- #tablepress-2 from cache -->\n<p>UNIDADES CURRICULARES OPTATIVAS (ESCOLHA UMA)<\/p>\n\n<table id=\"tablepress-3\" class=\"tablepress tablepress-id-3\">\n<tbody class=\"row-striping row-hover\">\n<tr class=\"row-1\">\n\t<td class=\"column-1\">Direito da Concorr\u00eancia\u00b3<\/td><td class=\"column-2\">40H<\/td><td class=\"column-3\"><a href=\"https:\/\/lawandmanagement.pt\/wp-content\/uploads\/2026\/03\/Competition-Law-Syllabus-Modelo-ISEG-2.pdf\" rel=\"noopener\" target=\"_blank\">Programa<\/a><\/td>\n<\/tr>\n<tr class=\"row-2\">\n\t<td class=\"column-1\">Direito do Ambiente\u00b3 <\/td><td class=\"column-2\">40H<\/td><td class=\"column-3\"><\/td>\n<\/tr>\n<tr class=\"row-3\">\n\t<td class=\"column-1\">Direito dos Mercados Financeiros\u00b3<\/td><td class=\"column-2\">40H<\/td><td class=\"column-3\"><a href=\"https:\/\/lawandmanagement.pt\/wp-content\/uploads\/2025\/01\/Financial-Markets-Law-Syllabus-Modelo-ISEG-1.pdf\" rel=\"noopener\" target=\"_blank\">Programa<\/a><\/td>\n<\/tr>\n<\/tbody>\n<\/table>\n<!-- #tablepress-3 from cache -->[\/vc_column_text][vc_column_text][\/vc_column_text][\/vc_tta_section][vc_tta_section title=&#8221;2\u00ba Semestre&#8221; tab_id=&#8221;1671533695911-cb9b0129-06b7&#8243;][vc_column_text el_id=&#8221;text&#8221;]30 ECTS ATIVIDADE\u00b2<br \/>\nUNIDADES CURRICULARES PREPARAT\u00d3RIAS<\/p>\n\n<table id=\"tablepress-5\" class=\"tablepress tablepress-id-5\">\n<tbody class=\"row-striping row-hover\">\n<tr class=\"row-1\">\n\t<td class=\"column-1\">Introdu\u00e7\u00e3o \u00e0 Gest\u00e3o<\/td><td class=\"column-2\">8H<\/td><td class=\"column-3\"><a href=\"\/\/lawandmanagement.pt\/wp-content\/uploads\/2024\/01\/Principles-of-Management-Syllabus.pdf\" rel=\"noopener\" target=\"_blank\">Programa<\/a><\/td>\n<\/tr>\n<tr class=\"row-2\">\n\t<td class=\"column-1\">Excel<\/td><td class=\"column-2\">12H<\/td><td class=\"column-3\"><a href=\"\/wp-content\/uploads\/2024\/01\/Excel-Syllabus.pdf\" rel=\"noopener\" target=\"_blank\">Programa<\/a><\/td>\n<\/tr>\n<tr class=\"row-3\">\n\t<td class=\"column-1\">C\u00e1lculo Financeiro<\/td><td class=\"column-2\">20H<\/td><td class=\"column-3\"><a href=\"https:\/\/lawandmanagement.pt\/wp-content\/uploads\/2024\/01\/Mathematical-Finance-Syllabus-1.pdf\" rel=\"noopener\" target=\"_blank\">Programa<\/a><\/td>\n<\/tr>\n<\/tbody>\n<\/table>\n<!-- #tablepress-5 from cache -->\n<p>UNIDADES CURRICULARES OBRIGAT\u00d3RIAS<\/p>\n\n<table id=\"tablepress-6\" class=\"tablepress tablepress-id-6\">\n<tbody class=\"row-striping row-hover\">\n<tr class=\"row-1\">\n\t<td class=\"column-1\">Gest\u00e3o e Estrat\u00e9gia Empresarial<\/td><td class=\"column-2\">40H<\/td><td class=\"column-3\"><a href=\"https:\/\/lawandmanagement.pt\/wp-content\/uploads\/2023\/07\/Management-and-Organizational-Strategy-Syllabus.pdf\" rel=\"noopener\" target=\"_blank\">Programa<\/a><\/td>\n<\/tr>\n<tr class=\"row-2\">\n\t<td class=\"column-1\">Lideran\u00e7a, Negocia\u00e7\u00e3o, \u00c9tica e Responsabilidade Social<\/td><td class=\"column-2\">40H<\/td><td class=\"column-3\"><a href=\"https:\/\/lawandmanagement.pt\/wp-content\/uploads\/2024\/01\/LNESR-Syllabus.pdf\" rel=\"noopener\" target=\"_blank\">Programa<\/a><\/td>\n<\/tr>\n<tr class=\"row-3\">\n\t<td class=\"column-1\">Contabilidade e An\u00e1lise Financeira<\/td><td class=\"column-2\">40H<\/td><td class=\"column-3\"><a href=\"https:\/\/lawandmanagement.pt\/wp-content\/uploads\/2023\/07\/Accounting-and-Financial-Reporting-Syllabus.pdf\" rel=\"noopener\" target=\"_blank\">Programa<\/a><\/td>\n<\/tr>\n<tr class=\"row-4\">\n\t<td class=\"column-1\">Finan\u00e7as Empresariais<\/td><td class=\"column-2\">40H<\/td><td class=\"column-3\"><a href=\"https:\/\/lawandmanagement.pt\/wp-content\/uploads\/2023\/07\/Corporate-Finance-Syllabus.pdf\" rel=\"noopener\" target=\"_blank\">Programa<\/a><\/td>\n<\/tr>\n<tr class=\"row-5\">\n\t<td class=\"column-1\">Fus\u00f5es, Aquisi\u00e7\u00f5es e Reestrutura\u00e7\u00f5es Empresariais<\/td><td class=\"column-2\">40H<\/td><td class=\"column-3\"><a href=\"https:\/\/lawandmanagement.pt\/wp-content\/uploads\/2023\/07\/Mergers-Acquisitions-and-Corporate-Restructuring-Syllabus.pdf\" rel=\"noopener\" target=\"_blank\">Programa<\/a><\/td>\n<\/tr>\n<\/tbody>\n<\/table>\n<!-- #tablepress-6 from cache -->\n<p>UNIDADES CURRICULARES OPTATIVAS (ESCOLHA UMA)<\/p>\n\n<table id=\"tablepress-7\" class=\"tablepress tablepress-id-7\">\n<tbody class=\"row-striping row-hover\">\n<tr class=\"row-1\">\n\t<td class=\"column-1\">Contolo de Gest\u00e3o<\/td><td class=\"column-2\">40H<\/td><td class=\"column-3\"><a href=\"\/wp-content\/uploads\/2024\/01\/Strategic-Management-Control-Systems-Syllabus.pdf\" rel=\"noopener\" target=\"_blank\">Programa<\/a><\/td>\n<\/tr>\n<tr class=\"row-2\">\n\t<td class=\"column-1\">Corporate Governance<\/td><td class=\"column-2\">40H<\/td><td class=\"column-3\"><a href=\"https:\/\/lawandmanagement.pt\/wp-content\/uploads\/2024\/01\/Corporate-Governance-Syllabus.pdf\" rel=\"noopener\" target=\"_blank\">Programa<\/a><\/td>\n<\/tr>\n<tr class=\"row-3\">\n\t<td class=\"column-1\">Marketing<\/td><td class=\"column-2\">40H<\/td><td class=\"column-3\"><a href=\"https:\/\/lawandmanagement.pt\/wp-content\/uploads\/2024\/01\/Marketing-Syllabus.pdf\" rel=\"noopener\" target=\"_blank\">Programa<\/a><\/td>\n<\/tr>\n<\/tbody>\n<\/table>\n<!-- #tablepress-7 from cache -->[\/vc_column_text][\/vc_tta_section][vc_tta_section title=&#8221;3\u00ba Semestre&#8221; tab_id=&#8221;1671533883345-23fc8c4a-62f8&#8243;][vc_column_text css=&#8221;&#8221; el_id=&#8221;text&#8221;]30 ECTS<br \/>\nTrabalho Final de Mestrado (Projecto ou Disserta\u00e7\u00e3o)<\/p>\n<p>Trabalho Final de Mestrado &#8211;\u00a0<strong><a href=\"https:\/\/lawandmanagement.pt\/wp-content\/uploads\/2024\/07\/Master-in-Law-and-Management-Template-Final-Master-Paper.docx\" target=\"_blank\" rel=\"noopener\"><em>Template<\/em><\/a><\/strong>[\/vc_column_text][\/vc_tta_section][vc_tta_section title=&#8221;Calend\u00e1rio Acad\u00e9mico&#8221; tab_id=&#8221;1702393737116-f34cb2cc-931c&#8221;][vc_column_text css=&#8221;&#8221;]\n<h5><a href=\"https:\/\/lawandmanagement.pt\/wp-content\/uploads\/2024\/07\/Master-in-Law-Management-Academic-Calendar-2024-2025.pdf\" target=\"_blank\" rel=\"noopener\"><strong>C<\/strong><\/a><a href=\"https:\/\/lawandmanagement.pt\/wp-content\/uploads\/2026\/04\/Master-in-Law-Management-Academic-Calendar-2025-2026.pdf\" target=\"_blank\" rel=\"noopener\"><strong>alend\u00e1rio Acad\u00e9mico &#8211; 2025\/2026 &#8211; Clique aqui<\/strong>.<\/a><\/h5>\n[\/vc_column_text][\/vc_tta_section][\/vc_tta_accordion][vc_row_inner][vc_column_inner][vc_column_text css=&#8221;.vc_custom_1705330017191{padding-top: 40px !important;padding-bottom: 40px !important;}&#8221;]\n<div class=\"content \" data-id=\"249\">\n<div class=\"body \">\n<p><sup>1 <\/sup>European Credit Transfer System (Sistema Europeu de Transfer\u00eancia de Cr\u00e9ditos)<br \/>\n<sup>2\u00a0<\/sup>Corresponde a um total de 140hs de estudo pelos alunos, sem preju\u00edzo da disponibilidade do corpo docente para acompanhar os estudantes e dar aulas.<br \/>\n<sup>3 <\/sup>Esta cadeira ser\u00e1 aberta desde que haja um n\u00famero m\u00ednimo de alunos inscritos.<br \/>\n<sup>4 <\/sup>As unidades curriculares optativas oferecidas pelo ISEG t\u00eam aulas partilhadas com outros mestrados durante o semestre.<\/p>\n<\/div>\n<\/div>\n[\/vc_column_text][\/vc_column_inner][\/vc_row_inner][vc_column_text css=&#8221;.vc_custom_1672938431067{padding-top: 20px !important;}&#8221; el_id=&#8221;related&#8221;]\n<div class=\"name \">DOCUMENTOS RELACIONADOS<\/div>\n[\/vc_column_text][vc_column_text el_id=&#8221;related1&#8243;]\n<div class=\"body \">\n<ul>\n<li><a href=\"https:\/\/lawandmanagement.pt\/wp-content\/uploads\/2023\/01\/Regulamento-LawManagement-DRE-2.pdf\" target=\"_blank\" rel=\"noopener noreferrer\">Regulamento do Mestrado<\/a><\/li>\n<li><a href=\"https:\/\/www.a3es.pt\/pt\/resultados-acreditacao\/direito-e-gestao-4\" target=\"_blank\" rel=\"noopener noreferrer\">Acredita\u00e7\u00e3o A3ES do Mestrado<\/a><\/li>\n<li><a href=\"https:\/\/lawandmanagement.pt\/wp-content\/uploads\/2023\/02\/Despacho-Candidaturas-2023-2024.pdf\" target=\"_blank\" rel=\"noopener noreferrer\">Edital de Abertura de Candidaturas<\/a><\/li>\n<\/ul>\n<\/div>\n[\/vc_column_text][\/vc_column][\/vc_row][vc_row][vc_column width=&#8221;1\/2&#8243;][vc_btn title=&#8221;VER DOCENTES&#8221; css=&#8221;.vc_custom_1674222621911{padding-top: 20px !important;padding-bottom: 80px !important;}&#8221; link=&#8221;url:https%3A%2F%2Flawandmanagement.pt%2Fpt-pt%2Ffaculty%2F|title:FACULTY&#8221; el_id=&#8221;button2&#8243;][\/vc_column][vc_column width=&#8221;1\/2&#8243;][vc_btn title=&#8221;CANDIDATURAS&#8221; style=&#8221;outline&#8221; shape=&#8221;square&#8221; color=&#8221;danger&#8221; css=&#8221;.vc_custom_1675162677784{padding-top: 20px !important;padding-bottom: 80px !important;}&#8221; link=&#8221;url:https%3A%2F%2Flawandmanagement.pt%2Fpt-pt%2Fapplications%2F|title:CANDIDATURAS&#8221;][\/vc_column][\/vc_row]\n<\/div>","protected":false},"excerpt":{"rendered":"<p>[vc_row][vc_column][vc_column_text el_id=&#8221;title&#8221;]Plano Curricular[\/vc_column_text][vc_column_text css=&#8221;&#8221; el_id=&#8221;text&#8221;]O Master in Law &amp; Management oferece um m\u00e9todo de ensino diferenciado, assente numa l\u00f3gica modular que incentiva os estudantes a concentrarem-se em cada cadeira de cada vez. Os nossos alunos devem preparar-se para que esta abordagem seja t\u00e3o inovadora quanto intensiva. Os casos pr\u00e1ticos s\u00e3o desenvolvidos pelos Coordenadores e Professores do Mestrado, com a participa\u00e7\u00e3o &#8230; <a href=\"https:\/\/lawandmanagement.pt\/pt-pt\/programme\/\" class=\"more-link\">Read More<\/a><\/p>\n","protected":false},"author":2,"featured_media":0,"parent":0,"menu_order":0,"comment_status":"closed","ping_status":"closed","template":"template-blank-4.php","meta":{"footnotes":""},"class_list":["post-959","page","type-page","status-publish","hentry","no-post-thumbnail"],"yoast_head":"<!-- This site is optimized with the Yoast SEO plugin v26.6 - https:\/\/yoast.com\/wordpress\/plugins\/seo\/ -->\n<title>PLANO CURRICULAR - Master in Law &amp; Management<\/title>\n<meta name=\"robots\" content=\"index, follow, max-snippet:-1, max-image-preview:large, max-video-preview:-1\" \/>\n<link rel=\"canonical\" href=\"https:\/\/lawandmanagement.pt\/pt-pt\/programme\/\" \/>\n<meta property=\"og:locale\" content=\"pt_PT\" \/>\n<meta property=\"og:type\" content=\"article\" \/>\n<meta property=\"og:title\" content=\"PLANO CURRICULAR - Master in Law &amp; Management\" \/>\n<meta property=\"og:description\" content=\"[vc_row][vc_column][vc_column_text el_id=&#8221;title&#8221;]Plano Curricular[\/vc_column_text][vc_column_text css=&#8221;&#8221; el_id=&#8221;text&#8221;]O Master in Law &amp; Management oferece um m\u00e9todo de ensino diferenciado, assente numa l\u00f3gica modular que incentiva os estudantes a concentrarem-se em cada cadeira de cada vez. Os nossos alunos devem preparar-se para que esta abordagem seja t\u00e3o inovadora quanto intensiva. Os casos pr\u00e1ticos s\u00e3o desenvolvidos pelos Coordenadores e Professores do Mestrado, com a participa\u00e7\u00e3o ... Read More\" \/>\n<meta property=\"og:url\" content=\"https:\/\/lawandmanagement.pt\/pt-pt\/programme\/\" \/>\n<meta property=\"og:site_name\" content=\"Master in Law &amp; Management\" \/>\n<meta property=\"article:modified_time\" content=\"2026-04-16T16:58:09+00:00\" \/>\n<meta name=\"twitter:card\" content=\"summary_large_image\" \/>\n<meta name=\"twitter:label1\" content=\"Tempo estimado de leitura\" \/>\n\t<meta name=\"twitter:data1\" content=\"2 minutos\" \/>\n<script type=\"application\/ld+json\" class=\"yoast-schema-graph\">{\"@context\":\"https:\/\/schema.org\",\"@graph\":[{\"@type\":\"WebPage\",\"@id\":\"https:\/\/lawandmanagement.pt\/pt-pt\/programme\/\",\"url\":\"https:\/\/lawandmanagement.pt\/pt-pt\/programme\/\",\"name\":\"PLANO CURRICULAR - Master in Law &amp; Management\",\"isPartOf\":{\"@id\":\"https:\/\/lawandmanagement.pt\/#website\"},\"datePublished\":\"2022-12-16T11:42:09+00:00\",\"dateModified\":\"2026-04-16T16:58:09+00:00\",\"breadcrumb\":{\"@id\":\"https:\/\/lawandmanagement.pt\/pt-pt\/programme\/#breadcrumb\"},\"inLanguage\":\"pt-PT\",\"potentialAction\":[{\"@type\":\"ReadAction\",\"target\":[\"https:\/\/lawandmanagement.pt\/pt-pt\/programme\/\"]}]},{\"@type\":\"BreadcrumbList\",\"@id\":\"https:\/\/lawandmanagement.pt\/pt-pt\/programme\/#breadcrumb\",\"itemListElement\":[{\"@type\":\"ListItem\",\"position\":1,\"name\":\"Home\",\"item\":\"https:\/\/lawandmanagement.pt\/pt-pt\/\"},{\"@type\":\"ListItem\",\"position\":2,\"name\":\"PLANO CURRICULAR\"}]},{\"@type\":\"WebSite\",\"@id\":\"https:\/\/lawandmanagement.pt\/#website\",\"url\":\"https:\/\/lawandmanagement.pt\/\",\"name\":\"Master in Law &amp; Management\",\"description\":\"The Faculty of Law of the University of Lisbon (FDUL) and the ISEG - Lisbon School of Economics &amp; Management (ISEG) created a new program, designed to respond to market demand for professionals with the capacity to address problems from an interdisciplinary perspective, combining the Law and Management: the Master in Law &amp; Management.\",\"publisher\":{\"@id\":\"https:\/\/lawandmanagement.pt\/#organization\"},\"potentialAction\":[{\"@type\":\"SearchAction\",\"target\":{\"@type\":\"EntryPoint\",\"urlTemplate\":\"https:\/\/lawandmanagement.pt\/?s={search_term_string}\"},\"query-input\":{\"@type\":\"PropertyValueSpecification\",\"valueRequired\":true,\"valueName\":\"search_term_string\"}}],\"inLanguage\":\"pt-PT\"},{\"@type\":\"Organization\",\"@id\":\"https:\/\/lawandmanagement.pt\/#organization\",\"name\":\"Master in Law &amp; Management\",\"url\":\"https:\/\/lawandmanagement.pt\/\",\"logo\":{\"@type\":\"ImageObject\",\"inLanguage\":\"pt-PT\",\"@id\":\"https:\/\/lawandmanagement.pt\/#\/schema\/logo\/image\/\",\"url\":\"https:\/\/lawandmanagement.pt\/wp-content\/uploads\/2022\/12\/logo_mestrado_dg_en.svg\",\"contentUrl\":\"https:\/\/lawandmanagement.pt\/wp-content\/uploads\/2022\/12\/logo_mestrado_dg_en.svg\",\"width\":336,\"height\":140,\"caption\":\"Master in Law &amp; Management\"},\"image\":{\"@id\":\"https:\/\/lawandmanagement.pt\/#\/schema\/logo\/image\/\"}}]}<\/script>\n<!-- \/ Yoast SEO plugin. -->","yoast_head_json":{"title":"PLANO CURRICULAR - Master in Law &amp; Management","robots":{"index":"index","follow":"follow","max-snippet":"max-snippet:-1","max-image-preview":"max-image-preview:large","max-video-preview":"max-video-preview:-1"},"canonical":"https:\/\/lawandmanagement.pt\/pt-pt\/programme\/","og_locale":"pt_PT","og_type":"article","og_title":"PLANO CURRICULAR - Master in Law &amp; Management","og_description":"[vc_row][vc_column][vc_column_text el_id=&#8221;title&#8221;]Plano Curricular[\/vc_column_text][vc_column_text css=&#8221;&#8221; el_id=&#8221;text&#8221;]O Master in Law &amp; Management oferece um m\u00e9todo de ensino diferenciado, assente numa l\u00f3gica modular que incentiva os estudantes a concentrarem-se em cada cadeira de cada vez. Os nossos alunos devem preparar-se para que esta abordagem seja t\u00e3o inovadora quanto intensiva. Os casos pr\u00e1ticos s\u00e3o desenvolvidos pelos Coordenadores e Professores do Mestrado, com a participa\u00e7\u00e3o ... Read More","og_url":"https:\/\/lawandmanagement.pt\/pt-pt\/programme\/","og_site_name":"Master in Law &amp; Management","article_modified_time":"2026-04-16T16:58:09+00:00","twitter_card":"summary_large_image","twitter_misc":{"Tempo estimado de leitura":"2 minutos"},"schema":{"@context":"https:\/\/schema.org","@graph":[{"@type":"WebPage","@id":"https:\/\/lawandmanagement.pt\/pt-pt\/programme\/","url":"https:\/\/lawandmanagement.pt\/pt-pt\/programme\/","name":"PLANO CURRICULAR - Master in Law &amp; Management","isPartOf":{"@id":"https:\/\/lawandmanagement.pt\/#website"},"datePublished":"2022-12-16T11:42:09+00:00","dateModified":"2026-04-16T16:58:09+00:00","breadcrumb":{"@id":"https:\/\/lawandmanagement.pt\/pt-pt\/programme\/#breadcrumb"},"inLanguage":"pt-PT","potentialAction":[{"@type":"ReadAction","target":["https:\/\/lawandmanagement.pt\/pt-pt\/programme\/"]}]},{"@type":"BreadcrumbList","@id":"https:\/\/lawandmanagement.pt\/pt-pt\/programme\/#breadcrumb","itemListElement":[{"@type":"ListItem","position":1,"name":"Home","item":"https:\/\/lawandmanagement.pt\/pt-pt\/"},{"@type":"ListItem","position":2,"name":"PLANO CURRICULAR"}]},{"@type":"WebSite","@id":"https:\/\/lawandmanagement.pt\/#website","url":"https:\/\/lawandmanagement.pt\/","name":"Master in Law &amp; Management","description":"The Faculty of Law of the University of Lisbon (FDUL) and the ISEG - Lisbon School of Economics &amp; Management (ISEG) created a new program, designed to respond to market demand for professionals with the capacity to address problems from an interdisciplinary perspective, combining the Law and Management: the Master in Law &amp; Management.","publisher":{"@id":"https:\/\/lawandmanagement.pt\/#organization"},"potentialAction":[{"@type":"SearchAction","target":{"@type":"EntryPoint","urlTemplate":"https:\/\/lawandmanagement.pt\/?s={search_term_string}"},"query-input":{"@type":"PropertyValueSpecification","valueRequired":true,"valueName":"search_term_string"}}],"inLanguage":"pt-PT"},{"@type":"Organization","@id":"https:\/\/lawandmanagement.pt\/#organization","name":"Master in Law &amp; Management","url":"https:\/\/lawandmanagement.pt\/","logo":{"@type":"ImageObject","inLanguage":"pt-PT","@id":"https:\/\/lawandmanagement.pt\/#\/schema\/logo\/image\/","url":"https:\/\/lawandmanagement.pt\/wp-content\/uploads\/2022\/12\/logo_mestrado_dg_en.svg","contentUrl":"https:\/\/lawandmanagement.pt\/wp-content\/uploads\/2022\/12\/logo_mestrado_dg_en.svg","width":336,"height":140,"caption":"Master in Law &amp; Management"},"image":{"@id":"https:\/\/lawandmanagement.pt\/#\/schema\/logo\/image\/"}}]}},"_links":{"self":[{"href":"https:\/\/lawandmanagement.pt\/pt-pt\/wp-json\/wp\/v2\/pages\/959","targetHints":{"allow":["GET"]}}],"collection":[{"href":"https:\/\/lawandmanagement.pt\/pt-pt\/wp-json\/wp\/v2\/pages"}],"about":[{"href":"https:\/\/lawandmanagement.pt\/pt-pt\/wp-json\/wp\/v2\/types\/page"}],"author":[{"embeddable":true,"href":"https:\/\/lawandmanagement.pt\/pt-pt\/wp-json\/wp\/v2\/users\/2"}],"replies":[{"embeddable":true,"href":"https:\/\/lawandmanagement.pt\/pt-pt\/wp-json\/wp\/v2\/comments?post=959"}],"version-history":[{"count":44,"href":"https:\/\/lawandmanagement.pt\/pt-pt\/wp-json\/wp\/v2\/pages\/959\/revisions"}],"predecessor-version":[{"id":2698,"href":"https:\/\/lawandmanagement.pt\/pt-pt\/wp-json\/wp\/v2\/pages\/959\/revisions\/2698"}],"wp:attachment":[{"href":"https:\/\/lawandmanagement.pt\/pt-pt\/wp-json\/wp\/v2\/media?parent=959"}],"curies":[{"name":"wp","href":"https:\/\/api.w.org\/{rel}","templated":true}]}}